{"id":103,"date":"2024-03-10T15:33:24","date_gmt":"2024-03-10T14:33:24","guid":{"rendered":"https:\/\/voixducorps.com\/?page_id=103"},"modified":"2025-01-05T15:04:21","modified_gmt":"2025-01-05T14:04:21","slug":"canta-divina","status":"publish","type":"page","link":"https:\/\/voixducorps.com\/?page_id=103","title":{"rendered":"Formation Canta Divina"},"content":{"rendered":"\n<h3 class=\"wp-block-heading\">Formation de Facilitatrice autour du F\u00e9minin Sacr\u00e9 et de la Voix M\u00e9decine<\/h3>\n\n\n\n<div style=\"height:22px\" aria-hidden=\"true\" class=\"wp-block-spacer\"><\/div>\n\n\n<div class=\"wp-block-image\">\n<figure class=\"alignleft size-large is-resized\"><img data-dominant-color=\"755958\" data-has-transparency=\"false\" loading=\"lazy\" decoding=\"async\" width=\"768\" height=\"1024\" sizes=\"auto, (max-width: 768px) 100vw, 768px\" src=\"https:\/\/voixducorps.com\/wp-content\/uploads\/2024\/03\/WhatsApp-Image-2024-03-10-at-16.36.59-768x1024.webp\" alt=\"\" class=\"wp-image-117 not-transparent\" style=\"--dominant-color: #755958; width:321px;height:auto\" srcset=\"https:\/\/voixducorps.com\/wp-content\/uploads\/2024\/03\/WhatsApp-Image-2024-03-10-at-16.36.59-768x1024.webp 768w, https:\/\/voixducorps.com\/wp-content\/uploads\/2024\/03\/WhatsApp-Image-2024-03-10-at-16.36.59-225x300.webp 225w, https:\/\/voixducorps.com\/wp-content\/uploads\/2024\/03\/WhatsApp-Image-2024-03-10-at-16.36.59-1152x1536.webp 1152w, https:\/\/voixducorps.com\/wp-content\/uploads\/2024\/03\/WhatsApp-Image-2024-03-10-at-16.36.59-1140x1520.webp 1140w, https:\/\/voixducorps.com\/wp-content\/uploads\/2024\/03\/WhatsApp-Image-2024-03-10-at-16.36.59-jpeg.webp 1536w\" \/><\/figure>\n<\/div>\n\n\n<p><strong>Cursus initiatique de avril \u00e0 d\u00e9cembre 2024<\/strong>.<\/p>\n\n\n\n<p>Depuis la nuit des temps, les femmes utilisent leur <strong>voix<\/strong> et la <strong>puissance du son<\/strong> pour s&rsquo;accompagner dans chaque passage de vie.<\/p>\n\n\n\n<p>Le chant est utilis\u00e9 pour <strong>c\u00e9l\u00e9brer<\/strong> une naissance, une mort, le temps qui passe, une \u00e9tape importante&#8230; toujours en <strong>connexion<\/strong> avec le <strong>divin<\/strong> en soi et autour de soi.<\/p>\n\n\n\n<p>Les femmes \u00e0 travers le fil de leurs voix <strong>tissent<\/strong>, repr\u00e9sentent et cr\u00e9ent la r\u00e9alit\u00e9 de leur propre histoire en reliance avec la voix de leur <strong>communaut\u00e9<\/strong>, donnant forme \u00e0 leurs r\u00eaves et intentions.<\/p>\n\n\n<div class=\"wp-block-image\">\n<figure class=\"alignright size-large is-resized\"><img data-dominant-color=\"6a503d\" data-has-transparency=\"false\" loading=\"lazy\" decoding=\"async\" width=\"683\" height=\"1024\" sizes=\"auto, (max-width: 683px) 100vw, 683px\" src=\"https:\/\/voixducorps.com\/wp-content\/uploads\/2024\/03\/image-683x1024.webp\" alt=\"\" class=\"wp-image-113 not-transparent\" style=\"--dominant-color: #6a503d; width:326px;height:auto\" srcset=\"https:\/\/voixducorps.com\/wp-content\/uploads\/2024\/03\/image-683x1024.webp 683w, https:\/\/voixducorps.com\/wp-content\/uploads\/2024\/03\/image-200x300.webp 200w, https:\/\/voixducorps.com\/wp-content\/uploads\/2024\/03\/image-768x1152.webp 768w, https:\/\/voixducorps.com\/wp-content\/uploads\/2024\/03\/image-jpeg.webp 960w\" \/><\/figure>\n<\/div>\n\n\n<p>Cette formation est une proposition pour toutes les femmes qui souhaitent <strong>renouer avec leur nature initiatrice<\/strong>, porter leur voix dans des <strong>espaces sacr\u00e9s,&nbsp;<\/strong>accompagner le <strong>f\u00e9minin<\/strong> sur le <strong>chemin de la connaissance de soi <\/strong>et de la<strong> gu\u00e9rison<\/strong>.<\/p>\n\n\n\n<p><strong>\u00ab\u00a0Canta Divina\u00a0\u00bb<\/strong> est n\u00e9e dans notre c\u0153ur apr\u00e8s avoir chant\u00e9 et collabor\u00e9 ensemble. Elle est le fruit d&rsquo;une volont\u00e9 commune : placer la<strong>&nbsp;connaissance de soi<\/strong>&nbsp;et la <strong>confiance<\/strong>&nbsp;au centre des espaces de <strong>transmission<\/strong> et de <strong>partage<\/strong> <strong>entre femmes<\/strong>.<\/p>\n\n\n\n<p>Nous avons ainsi le souhait d&rsquo;offrir chacune&nbsp;ce qui nous anime, en portant les <strong>initiations<\/strong> et <strong>exp\u00e9riences<\/strong>&nbsp;que nous avons&nbsp;travers\u00e9es ces derni\u00e8res ann\u00e9es, de l&rsquo;<strong>Am\u00e9rique Latine<\/strong> jusqu&rsquo;en <strong>Inde<\/strong>, en passant par la <strong>France<\/strong>.<\/p>\n\n\n\n<p>Embarquez avec nous dans ce voyage&#8230;<\/p>\n\n\n\n<div class=\"wp-block-columns is-layout-flex wp-container-core-columns-is-layout-28f84493 wp-block-columns-is-layout-flex\">\n<div class=\"wp-block-column is-layout-flow wp-block-column-is-layout-flow\" style=\"flex-basis:100%\"><\/div>\n<\/div>\n\n\n\n<figure class=\"wp-block-pullquote\"><blockquote><p>\u00ab\u00a0<em>En Am\u00e9rique latine, les chants m\u00e9decine sont d\u00e9di\u00e9s aux \u00e9l\u00e9ments, pour leur demander force et protection, pour retisser ce lien, souvent rompu, entre l\u2019homme et la Pachamama ; une s\u00e9paration \u00e0 l\u2019origine de nombreux maux.\u00a0\u00bb Redevenons et soyons les gardiennes de ce lien sacr\u00e9..<\/em><\/p><\/blockquote><\/figure>\n\n\n\n<h2 class=\"wp-block-heading\"><strong>Au programme :<\/strong><\/h2>\n\n\n\n<ul class=\"wp-block-list\">\n<li>Les <strong>chakras<\/strong> et la circulation \u00e9nerg\u00e9tique dans les diff\u00e9rents corps.<\/li>\n\n\n\n<li><strong>Respiration<\/strong>, pranayama et \u00e9tude du souffle pour soutenir le travail de la voix.<\/li>\n\n\n\n<li>Vibrations et fr\u00e9quences, le <strong>pouvoir du son<\/strong> \u00e0 travers les \u00e2ges.&nbsp;<\/li>\n\n\n\n<li><strong>Voix m\u00e9decine<\/strong> : concepts de base pour lib\u00e9rer le geste vocal, gagner en autonomie, confiance et puissance.<\/li>\n\n\n\n<li>\u00c9tude, r\u00e9flexion sur l\u2019<strong>Espace sacr\u00e9<\/strong> et la&nbsp;<strong>posture de facilitatrice<\/strong> : quoi, pour quoi, d\u2019o\u00f9, qui je suis et comment me connecter \u00e0 lui.<\/li>\n\n\n\n<li>La <strong>posture juste<\/strong> dans l&rsquo;espace : sortir de la comparaison et de la lutte de pouvoir pour rencontrer sa pleine puissance reli\u00e9e au c\u0153ur.<\/li>\n\n\n\n<li><strong>Figures arch\u00e9typales<\/strong> et <strong>divinit\u00e9s<\/strong> selon diff\u00e9rentes cosmovisions d\u2019Am\u00e9rique latine ainsi que le Panth\u00e9on hindou.<\/li>\n\n\n\n<li>Les&nbsp;<strong>arch\u00e9types f\u00e9minins<\/strong> : int\u00e9gration de leur fonctionnement au niveau psycho-\u00e9motionnel et r\u00f4les dans notre inconscient.<\/li>\n\n\n\n<li>Principes fondateurs du <strong>Cercle de paroles<\/strong> et de la Moon lodge selon la voie chamanique.<\/li>\n\n\n\n<li><strong>R\u00e9pertoire<\/strong> de chants de m\u00e9decine : chanter et s&rsquo;accompagner.<\/li>\n\n\n\n<li>Travail de <strong>musicalit\u00e9<\/strong> : concepts basiques, rythme, harmonie, interpr\u00e9tation, intention.<\/li>\n\n\n\n<li>Apprentissage de base avec <strong>instruments<\/strong> d\u2019accompagnement (maraca, tambour, ukelele, harmonium, percussion corporelle).<\/li>\n\n\n\n<li>Dynamiques de <strong>groupe<\/strong> : jeux vocaux et musicaux pour faciliter dans&nbsp;les espaces.<\/li>\n\n\n\n<li>Approche de la <strong>gu\u00e9rison<\/strong>&nbsp;\u00e0 travers&nbsp;les <strong>roses<\/strong> de la <strong>lign\u00e9e mexicaine<\/strong> (<em>sanacion con rosas<\/em>)<\/li>\n\n\n\n<li>\u00c9tude des <strong>mantras<\/strong> : la voie vedique, yogique et les chants d\u00e9votionnels.<\/li>\n\n\n\n<li><strong>Bhakti yoga<\/strong> : voie de la d\u00e9votion et de la gr\u00e2ce divine \u00e0 travers le chant.<\/li>\n\n\n\n<li><strong>Nada yoga<\/strong>, <em>naad<\/em> : apprentissage des gammes selon la voie hindou et principes de bases de la pratique.<\/li>\n\n\n\n<li>Yoga du son : exp\u00e9rimentation des <strong>5 sons m\u00e8res<\/strong>, sons cr\u00e9ateurs du Grand Tout et transe.<\/li>\n\n\n\n<li>Ouvrir un <strong>espace de c\u00e9r\u00e9monie<\/strong> : fondements, structure, conscience de la g\u00e9om\u00e9trie.<\/li>\n\n\n\n<li>Le <strong>pouvoir du verbe<\/strong> cr\u00e9ateur,&nbsp;importance des mots et dialogue avec le coeur.<\/li>\n<\/ul>\n\n\n\n<p><em>Ce programme est non exhaustif, il peut \u00eatre enrichi et modifi\u00e9 au fil de nos ressentis.&nbsp;Mat\u00e9riel et supports de formations fournis avec th\u00e9orie, exercices, paroles, traduction et accords pour suivre avec les instruments harmoniques.&nbsp;<\/em><\/p>\n\n\n\n<h3 class=\"wp-block-heading\">\u00c0 QUI S&rsquo;ADRESSE CE CURSUS&nbsp;?<\/h3>\n\n\n\n<ul class=\"wp-block-list\">\n<li>Celles qui veulent <strong>oeuvrer aupr\u00e8s des femmes<\/strong> et s&rsquo;inscrire dans un&nbsp;tissage global et conscient du <strong>F\u00e9minin Sacr\u00e9<\/strong>.<\/li>\n\n\n\n<li>Celles qui veulent ouvrir des <strong>c\u00e9r\u00e9monies<\/strong>, <strong>cercles de chant<\/strong>, <strong>cercles de tambour<\/strong> avec un approche&nbsp;douce (dans un dialogue&nbsp;f\u00e9minin avec son tambour).<\/li>\n\n\n\n<li>Celles qui veulent conna\u00eetre et&nbsp;tenir des espaces avec <strong>l\u2019entit\u00e9 gu\u00e9risseuse de la rose<\/strong>.<\/li>\n\n\n\n<li>Celles qui veulent ouvrir des <strong>c\u00e9r\u00e9monies cacao<\/strong> avec conscience et profondeur.<\/li>\n\n\n\n<li>Celles qui cherchent dans la voix un compl\u00e9ment pour leurs <strong>accompagnements individuels<\/strong>.<\/li>\n\n\n\n<li>Celles qui veulent chanter l\u2019amour et&nbsp; la joie en r\u00e9veillant toutes les possibilit\u00e9s f\u00e9minines qui nous habitent.&nbsp;<\/li>\n\n\n\n<li>Celles qui veulent partager des <strong>espaces&nbsp;puissants<\/strong>&nbsp;avec bienveillance,&nbsp;soutien et&nbsp;r\u00e9g\u00e9n\u00e9ration \u00e0 travers le chant et la musique.<\/li>\n\n\n\n<li>Celles qui veulent d\u00e9couvrir dans leur voix un <strong>outil de&nbsp;purification<\/strong> et de r\u00e9\u00e9quilibrage \u00e9nerg\u00e9tique pour partager depuis cet <strong>alignement<\/strong> avec d\u2019autres.&nbsp;<\/li>\n\n\n\n<li>Celles qui veulent gagner en <strong>confiance<\/strong> dans leur <strong>expression<\/strong> pour laisser parler la voix du symbolique, qui traduit les sons qui viennent de l&rsquo;int\u00e9rieur.<\/li>\n<\/ul>\n\n\n\n<figure class=\"wp-block-pullquote\"><blockquote><p>D\u00e9couvre le replay de notre live pour comprendre nos intentions et sentir nos vibrations !<\/p><\/blockquote><\/figure>\n\n\n\n<figure class=\"wp-block-embed is-type-video is-provider-youtube wp-block-embed-youtube wp-embed-aspect-16-9 wp-has-aspect-ratio\"><div class=\"wp-block-embed__wrapper\">\n<iframe loading=\"lazy\" title=\"Nouveau cursus F\u00e9minin &amp; Voix : Canta Divina ! \ud83c\udf39\" width=\"960\" height=\"540\" src=\"https:\/\/www.youtube.com\/embed\/n_LLhn-iHPY?feature=oembed\" frameborder=\"0\" allow=\"accelerometer; autoplay; clipboard-write; encrypted-media; gyroscope; picture-in-picture; web-share\" allowfullscreen><\/iframe>\n<\/div><\/figure>\n\n\n\n<div style=\"height:40px\" aria-hidden=\"true\" class=\"wp-block-spacer\"><\/div>\n\n\n\n<h3 class=\"wp-block-heading\">Les formatrices:<\/h3>\n\n\n<div class=\"wp-block-image\">\n<figure class=\"alignleft size-full is-resized\"><img data-dominant-color=\"958075\" data-has-transparency=\"false\" loading=\"lazy\" decoding=\"async\" width=\"768\" height=\"1024\" sizes=\"auto, (max-width: 768px) 100vw, 768px\" src=\"https:\/\/voixducorps.com\/wp-content\/uploads\/2024\/03\/WhatsApp-Image-2024-03-10-at-17.09.08-2-jpeg.webp\" alt=\"\" class=\"wp-image-118 not-transparent\" style=\"--dominant-color: #958075; width:429px;height:auto\" srcset=\"https:\/\/voixducorps.com\/wp-content\/uploads\/2024\/03\/WhatsApp-Image-2024-03-10-at-17.09.08-2-jpeg.webp 768w, https:\/\/voixducorps.com\/wp-content\/uploads\/2024\/03\/WhatsApp-Image-2024-03-10-at-17.09.08-2-225x300.webp 225w\" \/><\/figure>\n<\/div>\n\n\n<p><strong>Natalia Magliano <\/strong>est chanteuse, auteure-compositrice et professeure de chant venant d\u2019Argentine.<\/p>\n\n\n\n<p>Dans son approche, la voix, le geste et l\u2019expression sont des outils puissants de connexion \u00e0 soi et aux autres. Un chemin emprunt\u00e9 \u00e0 plus de vingt ans soutenu dans la vocation et la conviction. L\u2019importance de l\u2019expression pour le bien vivre personnel et collectif.<\/p>\n\n\n\n<p>Son int\u00e9r\u00eat d\u2019accompagner les personnes dans le domaine de la voix l\u2019am\u00e8nent a se former autour des \u00e9coles les plus reconnu en France \u00e0 niveau de la technique vocale et la p\u00e9dagogie. Elle est doublement dipl\u00f4m\u00e9e d\u2019\u00e9tat comme Professeur de chant et de technique vocale avec l\u2019approche CVC d\u2019Emmanuelle Trinquesse et Formatrice Vocale, P\u00e9dagogie Richard Cross, ainsi que animatrice de Chant pr\u00e9natal par l\u2019\u00c9cole internationale de chant pr\u00e9natal. Dans le domaine des musiques improvis\u00e9es et \u00e0 cappella, elle pratique la Circle Song et Musique du Cercle (MDC), une approche venant du Br\u00e9sil dont la musique et la cr\u00e9ativit\u00e9 sont au service de la connexion humaine, la communaut\u00e9, dont elle est certifi\u00e9e Lead MDC .<\/p>\n\n\n\n<p>Elle y d\u00e9veloppe son travail de transmission du chant \u00ab&nbsp;La Voix du Corps&nbsp;\u00bb et la \u00ab Voix M\u00e9decine \u00bb.<\/p>\n\n\n\n<p>Appel\u00e9e par les pratiques ancestrales qui r\u00e9unissent l\u2019art, la spiritualit\u00e9 et les approches actualis\u00e9es en p\u00e9dagogie vocale, elle propose un chemin structur\u00e9 qui facilite l\u2019int\u00e9gration des ces univers, \u00e0 la finalit\u00e9 de chanter mieux et sentir la joie r\u00e9paratrice du chant.<\/p>\n\n\n\n<p>L&rsquo;art est fondateur dans son approche, elle \u00e0 commenc\u00e9 \u00e0 \u00e9crire des chants et chansons inspir\u00e9es, un dire qui s\u2019exprimait en m\u00e9lodies et images, ce travail appelait de canalisation-composition \u00e0 donn\u00e9 ses fruits avec un premier EP \u00ab\u00a0Natividad y los Pajaros\u00a0\u00bb en 2009, un premier album \u00ab\u00a0Segun dicen las flores\u00a0\u00bb en 2013 et pr\u00e9pare la sortie de son deuxi\u00e8me album, \u00ab\u00a0Ojo d&rsquo; Agua\u00a0\u00bb pour 2024.<\/p>\n\n\n<div class=\"wp-block-image\">\n<figure class=\"alignleft size-large is-resized\"><img decoding=\"async\" src=\"https:\/\/kajabi-storefronts-production.kajabi-cdn.com\/kajabi-storefronts-production\/file-uploads\/themes\/2155925251\/settings_images\/dbb12b1-7b08-36db-0b8-2d0a1bc3_aurore-widmer-mars-2022-754.jpg\" alt=\"\" style=\"width:444px;height:auto\"\/><\/figure>\n<\/div>\n\n\n<p><strong>Aurore Widmer<\/strong> est praticienne chamanique, formatrice et accompagnante. Elle soutient depuis plusieurs ann\u00e9es les \u00eatres en chemin \u00e0 se transformer, honorer leur v\u00e9rit\u00e9 et ouvrir leur c\u0153ur \u00e0 la vie. Elle utilise principalement le Breathwork, les Constellations et la Voix<\/p>\n\n\n\n<p>Passionn\u00e9e de musique et de chant depuis toujours, elle s\u2019est initi\u00e9e au Yoga du Son et aux Sons M\u00e8res, au Naad Yoga&nbsp;avec un professeur de chant indien au N\u00e9pal, elle est \u00e9galement form\u00e9e en Yin Yoga Chamanique et continue son parcours autour des chants sacr\u00e9s dans de nombreux espaces.<\/p>\n\n\n\n<p>Elle a enregistr\u00e9 deux albums de mantras en co-cr\u00e9ation et continue de d\u00e9velopper ses apprentissages autour de la voix, accompagn\u00e9e d\u2019harmonium, shruti, ukulele,&nbsp;guitare et bien d\u2019autres instruments.<\/p>\n\n\n\n<p>Elle a \u00e9galement anim\u00e9 et form\u00e9 des centaines de femmes \u00e0 la m\u00e9decine du cercle de paroles, <em>Moon Lodge<\/em>, en pla\u00e7ant la conscience toujours en centre, pour adopter une posture la plus juste possible.<\/p>\n\n\n\n<p>Le cacao est aussi une de ces m\u00e9decines favorites, qu&rsquo;elle partage lors de c\u00e9r\u00e9monies, qu&rsquo;elle guide avec des chants sacr\u00e9s pour accompagner l&rsquo;ouverture du coeur et le travail d&rsquo;exploration int\u00e9rieur.<\/p>\n\n\n\n<p>La cr\u00e9ativit\u00e9, l\u2019harmonie et l\u2019amour sont les valeurs centrales de toutes ces transmissions, afin de continuer \u00e0 faire fleurir la conscience de chacun.<\/p>\n\n\n\n<h2 class=\"wp-block-heading\">Informations&nbsp;&amp; inscription :<\/h2>\n\n\n\n<h4 class=\"wp-block-heading\">Dates:<\/h4>\n\n\n\n<p>5 avril matin &#8211; Zoom<br>4 &amp; 5 mai &#8211; pr\u00e9sentiel&nbsp;\u00e0 Lyon<br>7 juin matin &#8211; Zoom<br>20 et 21 juillet &#8211; pr\u00e9sentiel&nbsp;\u00e0 Lyon<br>7 et 8 sept &#8211; pr\u00e9sentiel&nbsp;\u00e0 Lyon<br>4 octobre matin &#8211; Zoom&nbsp;<br>19 et 20 octobre &#8211; pr\u00e9sentiel \u00e0 Lyon<br>21 au 24 novembre &#8211; immersion dans le 42<br>d\u00e9but d\u00e9cembre &#8211; Zoom de cl\u00f4ture&nbsp;<\/p>\n\n\n\n<h4 class=\"wp-block-heading\"><strong>Tarif de la formation<\/strong> :&nbsp;1990\u20ac.<\/h4>\n\n\n\n<p>Inclus : les stages en pr\u00e9sentiel + les sessions Zoom + le mat\u00e9riel p\u00e9dagogique<\/p>\n\n\n\n<p>Il est possible de r\u00e9gler en plusieurs fois.<br>N&rsquo;h\u00e9sitez pas \u00e0 nous contacter pour convenir d&rsquo;un \u00e9ch\u00e9ancier ensemble.<\/p>\n\n\n\n<p><em>L&rsquo;h\u00e9bergement de l&rsquo;immersion est \u00e0 r\u00e9gler \u00e0 part (105\u20ac\/nuit en chambre partag\u00e9e).<\/em><\/p>\n\n\n\n<h4 class=\"wp-block-heading\"><strong>Inscription<\/strong>&nbsp;:<\/h4>\n\n\n\n<p>Afin de r\u00e9server&nbsp;votre place, contactez-nous par e-mail \u00e0 : <\/p>\n\n\n\n<div class=\"wp-block-buttons is-layout-flex wp-block-buttons-is-layout-flex\">\n<div class=\"wp-block-button has-custom-font-size is-style-outline has-small-font-size is-style-outline--1\"><a class=\"wp-block-button__link wp-element-button\" href=\"mailto:chantscirculaires@gmail.com\" target=\"_blank\" rel=\"noreferrer noopener\">chantscirculaires@gmail.com<\/a><\/div>\n<\/div>\n\n\n\n<p>Pour toute question, n\u2019h\u00e9sitez pas \u00e0 nous&nbsp;\u00e9crire !<\/p>\n\n\n\n<p>Avec amour,<\/p>\n\n\n\n<p>Natalia&nbsp;&amp; Aurore<\/p>\n\n\n\n<div style=\"height:75px\" aria-hidden=\"true\" class=\"wp-block-spacer\"><\/div>\n\n\n\n<p><\/p>\n","protected":false},"excerpt":{"rendered":"<p>Formation de Facilitatrice autour du F\u00e9minin Sacr\u00e9 et de la Voix M\u00e9decine Cursus initiatique de avril \u00e0 d\u00e9cembre 2024. Depuis la nuit des temps, les femmes utilisent leur voix et la puissance du son pour s&rsquo;accompagner dans chaque passage de vie. Le chant est utilis\u00e9 pour c\u00e9l\u00e9brer une naissance, une mort, le temps qui passe, une \u00e9tape importante&#8230; toujours en connexion avec le divin en soi et autour de soi. Les femmes \u00e0 travers le fil de leurs voix tissent, repr\u00e9sentent et cr\u00e9ent la r\u00e9alit\u00e9 de leur propre histoire en reliance avec la voix de leur communaut\u00e9, donnant forme \u00e0 leurs r\u00eaves et intentions. Cette formation est une proposition pour toutes les femmes qui souhaitent renouer avec leur nature initiatrice, porter leur voix dans des espaces sacr\u00e9s,&nbsp;accompagner le f\u00e9minin sur le chemin de la connaissance de soi et de la gu\u00e9rison. \u00ab\u00a0Canta Divina\u00a0\u00bb est n\u00e9e dans notre c\u0153ur apr\u00e8s avoir chant\u00e9 et collabor\u00e9 ensemble. Elle est le fruit d&rsquo;une volont\u00e9 commune : placer la&nbsp;connaissance de soi&nbsp;et la confiance&nbsp;au centre des espaces de transmission et de partage entre femmes. Nous avons ainsi le souhait d&rsquo;offrir chacune&nbsp;ce qui nous anime, en portant les initiations et exp\u00e9riences&nbsp;que nous avons&nbsp;travers\u00e9es ces derni\u00e8res ann\u00e9es, de l&rsquo;Am\u00e9rique Latine jusqu&rsquo;en Inde, en passant par la France. Embarquez avec nous dans ce voyage&#8230; \u00ab\u00a0En Am\u00e9rique latine, les chants m\u00e9decine sont d\u00e9di\u00e9s aux \u00e9l\u00e9ments, pour leur demander force et protection, pour retisser ce lien, souvent rompu, entre l\u2019homme et la Pachamama ; une s\u00e9paration \u00e0 l\u2019origine de nombreux maux.\u00a0\u00bb Redevenons et soyons les gardiennes de ce lien sacr\u00e9.. Au programme : Ce programme est non exhaustif, il peut \u00eatre enrichi et modifi\u00e9 au fil de nos ressentis.&nbsp;Mat\u00e9riel et supports de formations fournis avec th\u00e9orie, exercices, paroles, traduction et accords pour suivre avec les instruments harmoniques.&nbsp; \u00c0 QUI S&rsquo;ADRESSE CE CURSUS&nbsp;? D\u00e9couvre le replay de notre live pour comprendre nos intentions et sentir nos vibrations ! Les formatrices: Natalia Magliano est chanteuse, auteure-compositrice et professeure de chant venant d\u2019Argentine. Dans son approche, la voix, le geste et l\u2019expression sont des outils puissants de connexion \u00e0 soi et aux autres. Un chemin emprunt\u00e9 \u00e0 plus de vingt ans soutenu dans la vocation et la conviction. L\u2019importance de l\u2019expression pour le bien vivre personnel et collectif. Son int\u00e9r\u00eat d\u2019accompagner les personnes dans le domaine de la voix l\u2019am\u00e8nent a se former autour des \u00e9coles les plus reconnu en France \u00e0 niveau de la technique vocale et la p\u00e9dagogie. Elle est doublement dipl\u00f4m\u00e9e d\u2019\u00e9tat comme Professeur de chant et de technique vocale avec l\u2019approche CVC d\u2019Emmanuelle Trinquesse et Formatrice Vocale, P\u00e9dagogie Richard Cross, ainsi que animatrice de Chant pr\u00e9natal par l\u2019\u00c9cole internationale de chant pr\u00e9natal. Dans le domaine des musiques improvis\u00e9es et \u00e0 cappella, elle pratique la Circle Song et Musique du Cercle (MDC), une approche venant du Br\u00e9sil dont la musique et la cr\u00e9ativit\u00e9 sont au service de la connexion humaine, la communaut\u00e9, dont elle est certifi\u00e9e Lead MDC . Elle y d\u00e9veloppe son travail de transmission du chant \u00ab&nbsp;La Voix du Corps&nbsp;\u00bb et la \u00ab Voix M\u00e9decine \u00bb. Appel\u00e9e par les pratiques ancestrales qui r\u00e9unissent l\u2019art, la spiritualit\u00e9 et les approches actualis\u00e9es en p\u00e9dagogie vocale, elle propose un chemin structur\u00e9 qui facilite l\u2019int\u00e9gration des ces univers, \u00e0 la finalit\u00e9 de chanter mieux et sentir la joie r\u00e9paratrice du chant. L&rsquo;art est fondateur dans son approche, elle \u00e0 commenc\u00e9 \u00e0 \u00e9crire des chants et chansons inspir\u00e9es, un dire qui s\u2019exprimait en m\u00e9lodies et images, ce travail appelait de canalisation-composition \u00e0 donn\u00e9 ses fruits avec un premier EP \u00ab\u00a0Natividad y los Pajaros\u00a0\u00bb en 2009, un premier album \u00ab\u00a0Segun dicen las flores\u00a0\u00bb en 2013 et pr\u00e9pare la sortie de son deuxi\u00e8me album, \u00ab\u00a0Ojo d&rsquo; Agua\u00a0\u00bb pour 2024. Aurore Widmer est praticienne chamanique, formatrice et accompagnante. Elle soutient depuis plusieurs ann\u00e9es les \u00eatres en chemin \u00e0 se transformer, honorer leur v\u00e9rit\u00e9 et ouvrir leur c\u0153ur \u00e0 la vie. Elle utilise principalement le Breathwork, les Constellations et la Voix Passionn\u00e9e de musique et de chant depuis toujours, elle s\u2019est initi\u00e9e au Yoga du Son et aux Sons M\u00e8res, au Naad Yoga&nbsp;avec un professeur de chant indien au N\u00e9pal, elle est \u00e9galement form\u00e9e en Yin Yoga Chamanique et continue son parcours autour des chants sacr\u00e9s dans de nombreux espaces. Elle a enregistr\u00e9 deux albums de mantras en co-cr\u00e9ation et continue de d\u00e9velopper ses apprentissages autour de la voix, accompagn\u00e9e d\u2019harmonium, shruti, ukulele,&nbsp;guitare et bien d\u2019autres instruments. Elle a \u00e9galement anim\u00e9 et form\u00e9 des centaines de femmes \u00e0 la m\u00e9decine du cercle de paroles, Moon Lodge, en pla\u00e7ant la conscience toujours en centre, pour adopter une posture la plus juste possible. Le cacao est aussi une de ces m\u00e9decines favorites, qu&rsquo;elle partage lors de c\u00e9r\u00e9monies, qu&rsquo;elle guide avec des chants sacr\u00e9s pour accompagner l&rsquo;ouverture du coeur et le travail d&rsquo;exploration int\u00e9rieur. La cr\u00e9ativit\u00e9, l\u2019harmonie et l\u2019amour sont les valeurs centrales de toutes ces transmissions, afin de continuer \u00e0 faire fleurir la conscience de chacun. Informations&nbsp;&amp; inscription : Dates: 5 avril matin &#8211; Zoom4 &amp; 5 mai &#8211; pr\u00e9sentiel&nbsp;\u00e0 Lyon7 juin matin &#8211; Zoom20 et 21 juillet &#8211; pr\u00e9sentiel&nbsp;\u00e0 Lyon7 et 8 sept &#8211; pr\u00e9sentiel&nbsp;\u00e0 Lyon4 octobre matin &#8211; Zoom&nbsp;19 et 20 octobre &#8211; pr\u00e9sentiel \u00e0 Lyon21 au 24 novembre &#8211; immersion dans le 42d\u00e9but d\u00e9cembre &#8211; Zoom de cl\u00f4ture&nbsp; Tarif de la formation :&nbsp;1990\u20ac. Inclus : les stages en pr\u00e9sentiel + les sessions Zoom + le mat\u00e9riel p\u00e9dagogique Il est possible de r\u00e9gler en plusieurs fois.N&rsquo;h\u00e9sitez pas \u00e0 nous contacter pour convenir d&rsquo;un \u00e9ch\u00e9ancier ensemble. L&rsquo;h\u00e9bergement de l&rsquo;immersion est \u00e0 r\u00e9gler \u00e0 part (105\u20ac\/nuit en chambre partag\u00e9e). Inscription&nbsp;: Afin de r\u00e9server&nbsp;votre place, contactez-nous par e-mail \u00e0 : Pour toute question, n\u2019h\u00e9sitez pas \u00e0 nous&nbsp;\u00e9crire ! Avec amour, Natalia&nbsp;&amp; Aurore<\/p>\n","protected":false},"author":2,"featured_media":0,"parent":392,"menu_order":0,"comment_status":"closed","ping_status":"closed","template":"","meta":{"footnotes":""},"class_list":["post-103","page","type-page","status-publish","hentry"],"_links":{"self":[{"href":"https:\/\/voixducorps.com\/index.php?rest_route=\/wp\/v2\/pages\/103","targetHints":{"allow":["GET"]}}],"collection":[{"href":"https:\/\/voixducorps.com\/index.php?rest_route=\/wp\/v2\/pages"}],"about":[{"href":"https:\/\/voixducorps.com\/index.php?rest_route=\/wp\/v2\/types\/page"}],"author":[{"embeddable":true,"href":"https:\/\/voixducorps.com\/index.php?rest_route=\/wp\/v2\/users\/2"}],"replies":[{"embeddable":true,"href":"https:\/\/voixducorps.com\/index.php?rest_route=%2Fwp%2Fv2%2Fcomments&post=103"}],"version-history":[{"count":15,"href":"https:\/\/voixducorps.com\/index.php?rest_route=\/wp\/v2\/pages\/103\/revisions"}],"predecessor-version":[{"id":359,"href":"https:\/\/voixducorps.com\/index.php?rest_route=\/wp\/v2\/pages\/103\/revisions\/359"}],"up":[{"embeddable":true,"href":"https:\/\/voixducorps.com\/index.php?rest_route=\/wp\/v2\/pages\/392"}],"wp:attachment":[{"href":"https:\/\/voixducorps.com\/index.php?rest_route=%2Fwp%2Fv2%2Fmedia&parent=103"}],"curies":[{"name":"wp","href":"https:\/\/api.w.org\/{rel}","templated":true}]}}