{"id":1465,"date":"2025-07-01T18:31:25","date_gmt":"2025-07-01T16:31:25","guid":{"rendered":"https:\/\/voixducorps.com\/?page_id=1465"},"modified":"2025-09-11T01:56:58","modified_gmt":"2025-09-10T23:56:58","slug":"force-creative","status":"publish","type":"page","link":"https:\/\/voixducorps.com\/?page_id=1465","title":{"rendered":"Force Cr\u00e9ative"},"content":{"rendered":"\n<div style=\"height:50px\" aria-hidden=\"true\" class=\"wp-block-spacer\"><\/div>\n\n\n\n<h3 class=\"wp-block-heading has-text-align-center\"><strong><strong>Une retraite de chant<\/strong><\/strong> <strong>pour<\/strong> <strong>ouvrir la voix-e de la cr\u00e9ativit\u00e9<\/strong><\/h3>\n\n\n\n<div style=\"height:31px\" aria-hidden=\"true\" class=\"wp-block-spacer\"><\/div>\n\n\n\n<div style=\"height:30px\" aria-hidden=\"true\" class=\"wp-block-spacer\"><\/div>\n\n\n<div class=\"wp-block-image\">\n<figure class=\"alignleft size-large is-resized\"><img decoding=\"async\" src=\"https:\/\/voixducorps.com\/wp-content\/uploads\/2025\/06\/Post-2-1024x1024.avif\" alt=\"Force cr\u00e9ative\" class=\"wp-image-1466\" style=\"aspect-ratio:1;width:444px;height:auto\"\/><\/figure>\n<\/div>\n\n\n<p class=\"has-text-align-left\">Dans un monde o\u00f9 le rythme effr\u00e9n\u00e9 nous pousse souvent \u00e0 la performance et \u00e0 la rationalit\u00e9, nous oublions parfois une ressource essentielle et in\u00e9puisable qui sommeille en chacune de nous : la <strong>cr\u00e9ativit\u00e9<\/strong>. Loin d&rsquo;\u00eatre r\u00e9serv\u00e9e aux artistes, la cr\u00e9ativit\u00e9 est une <strong>fontaine de ressourcement personnel<\/strong>, une intelligence intuitive qui nous guide vers nos aspirations les plus intimes et nous permet de naviguer avec fluidit\u00e9 dans nos vies.<\/p>\n\n\n\n<p>Cette retraite immersive de trois jours est une invitation \u00e0 vous reconnecter \u00e0 cette source int\u00e9rieure. Imaginez un espace-temps privil\u00e9gi\u00e9, loin du tumulte quotidien, o\u00f9 vous pourrez vous d\u00e9poser, explorer et red\u00e9couvrir le pouvoir transformateur de votre imagination.<\/p>\n\n\n\n<p>Cette exp\u00e9rience est con\u00e7u avec des outils vous permettant de<strong> dialoguer avec vos aspirations les plus profondes<\/strong>, qu&rsquo;elles soient d&rsquo;ordre personnel ou professionnel. Vous apprendrez \u00e0 briser les blocages qui entravent votre expression, \u00e0 lib\u00e9rer votre spontan\u00e9it\u00e9 et \u00e0 puiser dans un r\u00e9servoir d&rsquo;id\u00e9es neuves.<\/p>\n\n\n\n<p>Au cours de ces trois journ\u00e9es, vous explorerez diverses facettes de la cr\u00e9ativit\u00e9 pour parler en directe avec votre muse de la cr\u00e9ativit\u00e9 que pr\u00e9conise l&rsquo;<strong>expression artistique<\/strong> comme une m\u00e9decine de joie et libert\u00e9, qu&rsquo;elle passe par la <strong>parole, la musique, le chant ou le mouvement<\/strong>. Vous d\u00e9couvrirez comment cette \u00e9nergie cr\u00e9ative peut devenir une alli\u00e9e pr\u00e9cieuse pour r\u00e9soudre vos d\u00e9fis, innover dans vos projets, et surtout, pour vous r\u00e9v\u00e9ler pleinement.<\/p>\n\n\n\n<div style=\"height:30px\" aria-hidden=\"true\" class=\"wp-block-spacer\"><\/div>\n\n\n\n<p>Chaque journ\u00e9e sera ponctu\u00e9e d&rsquo;activit\u00e9s pratiques, d&rsquo;\u00e9changes bienveillants et de moments de partage collectifs. Plus qu&rsquo;une simple retraite FORCE CR\u00c9ATIVE, c&rsquo;est une rencontre<strong> humaine<\/strong> o\u00f9 l&rsquo;\u00e9coute, la co-cr\u00e9ation et la sororit\u00e9 enrichiront votre exp\u00e9rience. Vous repartirez avec des <strong>cr\u00e9ations tangibles<\/strong> \u2014 votre boussole personnelle \u2014 qui vous guideront bien au-del\u00e0 de cette retraite.<\/p>\n\n\n\n<p>Pr\u00e9parez-vous \u00e0 rire, \u00e0 exp\u00e9rimenter, \u00e0 vous surprendre et \u00e0 \u00e9veiller la cr\u00e9atrice qui sommeille en vous. Votre potentiel cr\u00e9atif est immense ; il est temps de le laisser \u00e9clore.<\/p>\n\n\n\n<div style=\"height:30px\" aria-hidden=\"true\" class=\"wp-block-spacer\"><\/div>\n\n\n\n<h5 class=\"wp-block-heading\">Objectif g\u00e9n\u00e9ral<\/h5>\n\n\n\n<p><br>Permettre aux participantes de lib\u00e9rer leur potentiel cr\u00e9atif, de briser leurs blocages, et d&rsquo;acqu\u00e9rir des outils pratiques pour l&rsquo;appliquer \u00e0 leur d\u00e9veloppement personnel, leur expression artistique (parole, musique, chant) et dans d&rsquo;autres champs de leur vie.<\/p>\n\n\n\n<div style=\"height:30px\" aria-hidden=\"true\" class=\"wp-block-spacer\"><\/div>\n\n\n\n<h5 class=\"wp-block-heading\">philosophie<\/h5>\n\n\n\n<p><br>Un cadre bienveillant et stimulant pour d\u00e9velopper et nourrir le concept de r\u00e9seau dont l\u2019importance du partage et de g\u00e9n\u00e9rosit\u00e9 font partie de la philosophie de Force Cr\u00e9ative.<\/p>\n\n\n\n<div style=\"height:30px\" aria-hidden=\"true\" class=\"wp-block-spacer\"><\/div>\n\n\n\n<h5 class=\"wp-block-heading\">Les activit\u00e9s<\/h5>\n\n\n\n<p><br>Le d\u00e9roulement de cette retraite r\u00e9uni la cr\u00e9ativit\u00e9, le chant collectif (chants m\u00e9decine ainsi que le chant improvis\u00e9e), un travail sur la voix, la cr\u00e9ation de chants m\u00e9decine et autres type de productions, moments dans la piscine, moments d\u2019\u00e9change entre les participantes.<\/p>\n\n\n\n<div style=\"height:30px\" aria-hidden=\"true\" class=\"wp-block-spacer\"><\/div>\n\n\n\n<ul class=\"wp-block-list\">\n<li>\u00c9criture<\/li>\n\n\n\n<li>Cr\u00e9ation de chants<\/li>\n\n\n\n<li>Mini ateliers propos\u00e9es par les participantes<\/li>\n\n\n\n<li>Cercles d\u2019\u00e9change sur diff\u00e9rents th\u00e9matiques<\/li>\n\n\n\n<li>Travail de chant dans la piscine<\/li>\n\n\n\n<li>Ateliers de massage et voix<\/li>\n\n\n\n<li>Atelier chant et rythme<\/li>\n\n\n\n<li>Cercles de musique intuitive<\/li>\n\n\n\n<li>Apprentissage des chants m\u00e9decine<\/li>\n<\/ul>\n\n\n\n<div style=\"height:30px\" aria-hidden=\"true\" class=\"wp-block-spacer\"><\/div>\n\n\n\n<h5 class=\"wp-block-heading\">A qui s&rsquo;adresse :<\/h5>\n\n\n\n<div style=\"height:30px\" aria-hidden=\"true\" class=\"wp-block-spacer\"><\/div>\n\n\n\n<p>\u00ab\u00a0FORCE CR\u00c9ATIVE\u00a0\u00bb est n\u00e9e de la vision d&rsquo;un v\u00e9ritable <strong>r\u00e9seau de femmes cr\u00e9atives<\/strong>, un espace d&rsquo;entraide et d&rsquo;\u00e9change de ressources, o\u00f9 nos forces cr\u00e9atives se rencontrent et se multiplient. Cette retraite s&rsquo;inscrit dans cette lign\u00e9e, et nous l&rsquo;avons imagin\u00e9e comme une extension naturelle de mon travail, notamment en r\u00e9ponse aux souhaits de celles qui ont d\u00e9j\u00e0 chemin\u00e9 avec moi et aspirent \u00e0 approfondir leur <strong>coaching vocal<\/strong> et leur exploration expressive.<\/p>\n\n\n\n<p>Cependant, au-del\u00e0 de ces fondations, j&rsquo;ai \u00e0 c\u0153ur de vous inviter \u00e0 un voyage plus intime, ax\u00e9 sur la <strong>cr\u00e9ation de chants m\u00e9decine<\/strong>. Ce processus demande une <strong>ouverture d&rsquo;esprit<\/strong> et une <strong>confiance profonde<\/strong> pour vous laisser guider dans les eaux de l&rsquo;inconnu.<\/p>\n\n\n\n<p><strong>C&rsquo;est pourquoi cette appel s&rsquo;adresse tout particuli\u00e8rement :<\/strong><\/p>\n\n\n\n<ul class=\"wp-block-list\">\n<li>\u00c0 celles qui connaissent et appr\u00e9cient d\u00e9j\u00e0 mon travail, et qui ont <strong>envie de replonger<\/strong> dans cette exploration avec une confiance \u00e9tablie.<\/li>\n\n\n\n<li>Aux <strong>femmes adultes<\/strong> de tous horizons <strong>qui ne connaissent pas encore mon approche<\/strong> mais qui sont attir\u00e9es par cette proposition. Que vous cherchiez \u00e0 insuffler un vent nouveau dans votre carri\u00e8re, \u00e0 exprimer votre sensibilit\u00e9 artistique, \u00e0 surmonter un blocage, ou simplement \u00e0 enrichir votre quotidien, vous trouverez ici un espace stimulant et bienveillant pour explorer votre potentiel cr\u00e9atif. Pour vous assurer que cet espace est parfaitement juste, je vous propose un <strong>entretien t\u00e9l\u00e9phonique pr\u00e9alable<\/strong> pour \u00e9changer et confirmer que vous \u00eates pr\u00eate \u00e0 faire partie de cette \u00ab\u00a0cuisine cr\u00e9atrice\u00a0\u00bb d&rsquo;une nourriture pour l&rsquo;\u00e2me.<\/li>\n<\/ul>\n\n\n\n<p>L&rsquo;<strong>espace du collectif<\/strong> est aussi important que le processus cr\u00e9atif individuel. Nous serons ensemble, en confiance, comme \u00e0 la maison&#8230; dans la maison de la D\u00e9esse de la Cr\u00e9ativit\u00e9. <\/p>\n\n\n\n<p>Rejoignez-nous pour un voyage transformateur au c\u0153ur de votre sensibilit\u00e9, et venez faire partie de cette rencontre vibrante.<\/p>\n\n\n\n<div style=\"height:30px\" aria-hidden=\"true\" class=\"wp-block-spacer\"><\/div>\n\n\n\n<h5 class=\"wp-block-heading\">Organisation g\u00e9n\u00e9ral<\/h5>\n\n\n\n<div style=\"height:30px\" aria-hidden=\"true\" class=\"wp-block-spacer\"><\/div>\n\n\n\n<p>Vous \u00eates invit\u00e9 \u00e0 arriver le 7 ao\u00fbt \u00e0 Val de Louyre et Caudeau \u00e0 partir de 16h00 pour vous installer et ensuite d\u00eener ensemble. Apr\u00e8s ce premier repas nous allons faire notre premier activit\u00e9 nocturne, avant l&rsquo;heure de se coucher.<\/p>\n\n\n\n<p class=\"has-text-align-center\">Chaque jour les activit\u00e9s vont se r\u00e9aliser de 9h00 \u00e0 12h30, pause d\u00e9jeuner, reprise autour de 15h00\/16h00 jusqu&rsquo;\u00e0 18h30, ensuite repas et activit\u00e9 du soir entre 21h00 et 22h00. Le dimanche 10 ao\u00fbt nous finirons \u00e2pres la pause d\u00e9jeuner midi, autour de 14h00\/14h30 dont vous allez pouvoir repartir avec votre c\u0153ur rempli de fleurs.<\/p>\n\n\n\n<p>Les horaires des ateliers peuvent \u00eatre modifies selon les besoins du moment.<\/p>\n\n\n\n<div style=\"height:38px\" aria-hidden=\"true\" class=\"wp-block-spacer\"><\/div>\n\n\n\n<div style=\"height:30px\" aria-hidden=\"true\" class=\"wp-block-spacer\"><\/div>\n\n\n\n<h5 class=\"wp-block-heading\">Tarif des transmissions et Inscription<\/h5>\n\n\n\n<div style=\"height:30px\" aria-hidden=\"true\" class=\"wp-block-spacer\"><\/div>\n\n\n\n<p><strong>Tarif r\u00e9duit : 220 \u20ac<\/strong> &#8211; Jusqu\u2019au 14 juillet <\/p>\n\n\n\n<div style=\"height:15px\" aria-hidden=\"true\" class=\"wp-block-spacer\"><\/div>\n\n\n\n<p><strong>Tarif normale: 240 \u20ac<\/strong><\/p>\n\n\n\n<div style=\"height:15px\" aria-hidden=\"true\" class=\"wp-block-spacer\"><\/div>\n\n\n\n<p>R\u00e9duction pour les anciennes stagiaires \u00e0 consulter.<\/p>\n\n\n\n<div style=\"height:30px\" aria-hidden=\"true\" class=\"wp-block-spacer\"><\/div>\n\n\n\n<p><strong>Pour vous inscrire c&rsquo;est en ligne!<\/strong> en cliquant sur le bouton ci dessous, vous bercerez des arrhes NON Remboursables d&rsquo;un montant de 120 \u20ac. Le reste vous le paierez en liquide le jeudi 7 en arrivant sur place.<\/p>\n\n\n\n<p>Remboursement des arrhes si la retraite n&rsquo;est pas tenu pour la part de l&rsquo;organisatrice via la plateforme STRIPE.  <\/p>\n\n\n<p><center><br \/>\n<script async\n  src=\"https:\/\/js.stripe.com\/v3\/buy-button.js\">\n<\/script><\/p>\n<p><stripe-buy-button\n  buy-button-id=\"buy_btn_1Rg72HG4HmNc0HTpxyppUHw5\"\n  publishable-key=\"pk_live_51Q8htCG4HmNc0HTpUHGnvynRZRIeMkCVhsVspuuidv5FwpZvoF0LO42YfaMyBUc1DMNfCRs0Kg6pW1Ji1P61Pwrz00k4UQ1Awt\"\n><br \/>\n<\/stripe-buy-button><\/center><\/p>\n\n\n\n<p>Suite au paiement des arrhes en ligne, faites un mail en confirmant votre inscription \u00e0 chantscirculaires@gmail.com ou par WhatsApp au 06 52 10 77 71.<\/p>\n\n\n\n<div style=\"height:30px\" aria-hidden=\"true\" class=\"wp-block-spacer\"><\/div>\n\n\n\n<h5 class=\"wp-block-heading\">Logement et repas<\/h5>\n\n\n\n<div style=\"height:30px\" aria-hidden=\"true\" class=\"wp-block-spacer\"><\/div>\n\n\n\n<p><strong>Tarif: 215 \u20ac<\/strong>  \u00e0 payer en liquide sur place en arrivant.<\/p>\n\n\n\n<div style=\"height:30px\" aria-hidden=\"true\" class=\"wp-block-spacer\"><\/div>\n\n\n\n<p><strong>les repas :<\/strong><\/p>\n\n\n\n<ul class=\"wp-block-list\">\n<li>6 repas &#8211; Cuisine bio et locale.<\/li>\n\n\n\n<li>3 petit d\u00e9jeuner, pain, fruits et tisanes fournis \u00e0 prendre en autonomie dans la cuisine g\u00e9n\u00e9rale.<\/li>\n<\/ul>\n\n\n\n<p><\/p>\n\n\n\n<div style=\"height:30px\" aria-hidden=\"true\" class=\"wp-block-spacer\"><\/div>\n\n\n\n<p><strong>R\u00e9servation de chambre par ordre d&rsquo;arriv\u00e9e suite \u00e0 votre inscription et notification.<\/strong><\/p>\n\n\n\n<div style=\"height:30px\" aria-hidden=\"true\" class=\"wp-block-spacer\"><\/div>\n\n\n\n<ul class=\"wp-block-list\">\n<li>1 chambres avec 2 lits individuels<\/li>\n\n\n\n<li>1 chambres avec 2 lits individuels<\/li>\n\n\n\n<li>1 chambres avec 4 lits individuels<\/li>\n\n\n\n<li>1 chambres avec 4 lits individuels<\/li>\n<\/ul>\n\n\n\n<p>12 lits disponibles. Draps fournis. Salles de bains et toilettes relatifs par chambre. Vous profiterez aussi de toutes les installations:<\/p>\n\n\n\n<ul class=\"wp-block-list\">\n<li>Piscine<\/li>\n\n\n\n<li>Yourte<\/li>\n\n\n\n<li>Salle de travail<\/li>\n\n\n\n<li>Grands espaces de nature et verdure<\/li>\n<\/ul>\n\n\n\n<div style=\"height:30px\" aria-hidden=\"true\" class=\"wp-block-spacer\"><\/div>\n\n\n\n<h5 class=\"wp-block-heading\">Le lieu :<\/h5>\n\n\n\n<div style=\"height:30px\" aria-hidden=\"true\" class=\"wp-block-spacer\"><\/div>\n\n\n<p><iframe src=\"https:\/\/www.google.com\/maps\/embed?pb=!1m18!1m12!1m3!1d90318.46685926715!2d0.6915303727669606!3d44.97512647384879!2m3!1f0!2f0!3f0!3m2!1i1024!2i768!4f13.1!3m3!1m2!1s0x12ab33a6f8b5aafb%3A0xbd71c0ad9b1bf500!2sVal%20de%20Louyre%20et%20Caudeau!5e0!3m2!1sfr!2sfr!4v1751404716823!5m2!1sfr!2sfr\" width=\"600\" height=\"450\" style=\"border:0;\" allowfullscreen=\"\" loading=\"lazy\" referrerpolicy=\"no-referrer-when-downgrade\"><\/iframe><\/p>\n\n\n\n<p>L&rsquo;adresse exacte du lieu est le 339 chemin de la mothe 24380 Val de Louyre et Caudeau.<\/p>\n\n\n\n<p>Dans le cas dont vous devrez annuler votre participation au dernier moment, un paiement de 100 \u20ac en d\u00e9dommagement pour le logement et la cuisine vous sera demand\u00e9 et indiqu\u00e9 le mode de paiement. Nous comptons avec votre compr\u00e9hension, votre engagement et votre responsabilit\u00e9. Merci!<\/p>\n\n\n\n<div style=\"height:30px\" aria-hidden=\"true\" class=\"wp-block-spacer\"><\/div>\n\n\n\n<p>Pour tout demande de renseignement, n\u2019h\u00e9sitez pas \u00e0 me contacter! Je serai ravie d&rsquo;\u00e9changer avec vous, conna\u00eetre vos motivations et r\u00e9pondre \u00e0 vos question.<\/p>\n\n\n\n<p>Avec cr\u00e9ativit\u00e9 et amour!<\/p>\n\n\n\n<p>Natalia<\/p>\n\n\n\n<div style=\"height:30px\" aria-hidden=\"true\" class=\"wp-block-spacer\"><\/div>\n","protected":false},"excerpt":{"rendered":"<p>Une retraite de chant pour ouvrir la voix-e de la cr\u00e9ativit\u00e9 Dans un monde o\u00f9 le rythme effr\u00e9n\u00e9 nous pousse souvent \u00e0 la performance et \u00e0 la rationalit\u00e9, nous oublions parfois une ressource essentielle et in\u00e9puisable qui sommeille en chacune de nous : la cr\u00e9ativit\u00e9. Loin d&rsquo;\u00eatre r\u00e9serv\u00e9e aux artistes, la cr\u00e9ativit\u00e9 est une fontaine de ressourcement personnel, une intelligence intuitive qui nous guide vers nos aspirations les plus intimes et nous permet de naviguer avec fluidit\u00e9 dans nos vies. Cette retraite immersive de trois jours est une invitation \u00e0 vous reconnecter \u00e0 cette source int\u00e9rieure. Imaginez un espace-temps privil\u00e9gi\u00e9, loin du tumulte quotidien, o\u00f9 vous pourrez vous d\u00e9poser, explorer et red\u00e9couvrir le pouvoir transformateur de votre imagination. Cette exp\u00e9rience est con\u00e7u avec des outils vous permettant de dialoguer avec vos aspirations les plus profondes, qu&rsquo;elles soient d&rsquo;ordre personnel ou professionnel. Vous apprendrez \u00e0 briser les blocages qui entravent votre expression, \u00e0 lib\u00e9rer votre spontan\u00e9it\u00e9 et \u00e0 puiser dans un r\u00e9servoir d&rsquo;id\u00e9es neuves. Au cours de ces trois journ\u00e9es, vous explorerez diverses facettes de la cr\u00e9ativit\u00e9 pour parler en directe avec votre muse de la cr\u00e9ativit\u00e9 que pr\u00e9conise l&rsquo;expression artistique comme une m\u00e9decine de joie et libert\u00e9, qu&rsquo;elle passe par la parole, la musique, le chant ou le mouvement. Vous d\u00e9couvrirez comment cette \u00e9nergie cr\u00e9ative peut devenir une alli\u00e9e pr\u00e9cieuse pour r\u00e9soudre vos d\u00e9fis, innover dans vos projets, et surtout, pour vous r\u00e9v\u00e9ler pleinement. Chaque journ\u00e9e sera ponctu\u00e9e d&rsquo;activit\u00e9s pratiques, d&rsquo;\u00e9changes bienveillants et de moments de partage collectifs. Plus qu&rsquo;une simple retraite FORCE CR\u00c9ATIVE, c&rsquo;est une rencontre humaine o\u00f9 l&rsquo;\u00e9coute, la co-cr\u00e9ation et la sororit\u00e9 enrichiront votre exp\u00e9rience. Vous repartirez avec des cr\u00e9ations tangibles \u2014 votre boussole personnelle \u2014 qui vous guideront bien au-del\u00e0 de cette retraite. Pr\u00e9parez-vous \u00e0 rire, \u00e0 exp\u00e9rimenter, \u00e0 vous surprendre et \u00e0 \u00e9veiller la cr\u00e9atrice qui sommeille en vous. Votre potentiel cr\u00e9atif est immense ; il est temps de le laisser \u00e9clore. Objectif g\u00e9n\u00e9ral Permettre aux participantes de lib\u00e9rer leur potentiel cr\u00e9atif, de briser leurs blocages, et d&rsquo;acqu\u00e9rir des outils pratiques pour l&rsquo;appliquer \u00e0 leur d\u00e9veloppement personnel, leur expression artistique (parole, musique, chant) et dans d&rsquo;autres champs de leur vie. philosophie Un cadre bienveillant et stimulant pour d\u00e9velopper et nourrir le concept de r\u00e9seau dont l\u2019importance du partage et de g\u00e9n\u00e9rosit\u00e9 font partie de la philosophie de Force Cr\u00e9ative. Les activit\u00e9s Le d\u00e9roulement de cette retraite r\u00e9uni la cr\u00e9ativit\u00e9, le chant collectif (chants m\u00e9decine ainsi que le chant improvis\u00e9e), un travail sur la voix, la cr\u00e9ation de chants m\u00e9decine et autres type de productions, moments dans la piscine, moments d\u2019\u00e9change entre les participantes. A qui s&rsquo;adresse : \u00ab\u00a0FORCE CR\u00c9ATIVE\u00a0\u00bb est n\u00e9e de la vision d&rsquo;un v\u00e9ritable r\u00e9seau de femmes cr\u00e9atives, un espace d&rsquo;entraide et d&rsquo;\u00e9change de ressources, o\u00f9 nos forces cr\u00e9atives se rencontrent et se multiplient. Cette retraite s&rsquo;inscrit dans cette lign\u00e9e, et nous l&rsquo;avons imagin\u00e9e comme une extension naturelle de mon travail, notamment en r\u00e9ponse aux souhaits de celles qui ont d\u00e9j\u00e0 chemin\u00e9 avec moi et aspirent \u00e0 approfondir leur coaching vocal et leur exploration expressive. Cependant, au-del\u00e0 de ces fondations, j&rsquo;ai \u00e0 c\u0153ur de vous inviter \u00e0 un voyage plus intime, ax\u00e9 sur la cr\u00e9ation de chants m\u00e9decine. Ce processus demande une ouverture d&rsquo;esprit et une confiance profonde pour vous laisser guider dans les eaux de l&rsquo;inconnu. C&rsquo;est pourquoi cette appel s&rsquo;adresse tout particuli\u00e8rement : L&rsquo;espace du collectif est aussi important que le processus cr\u00e9atif individuel. Nous serons ensemble, en confiance, comme \u00e0 la maison&#8230; dans la maison de la D\u00e9esse de la Cr\u00e9ativit\u00e9. Rejoignez-nous pour un voyage transformateur au c\u0153ur de votre sensibilit\u00e9, et venez faire partie de cette rencontre vibrante. Organisation g\u00e9n\u00e9ral Vous \u00eates invit\u00e9 \u00e0 arriver le 7 ao\u00fbt \u00e0 Val de Louyre et Caudeau \u00e0 partir de 16h00 pour vous installer et ensuite d\u00eener ensemble. Apr\u00e8s ce premier repas nous allons faire notre premier activit\u00e9 nocturne, avant l&rsquo;heure de se coucher. Chaque jour les activit\u00e9s vont se r\u00e9aliser de 9h00 \u00e0 12h30, pause d\u00e9jeuner, reprise autour de 15h00\/16h00 jusqu&rsquo;\u00e0 18h30, ensuite repas et activit\u00e9 du soir entre 21h00 et 22h00. Le dimanche 10 ao\u00fbt nous finirons \u00e2pres la pause d\u00e9jeuner midi, autour de 14h00\/14h30 dont vous allez pouvoir repartir avec votre c\u0153ur rempli de fleurs. Les horaires des ateliers peuvent \u00eatre modifies selon les besoins du moment. Tarif des transmissions et Inscription Tarif r\u00e9duit : 220 \u20ac &#8211; Jusqu\u2019au 14 juillet Tarif normale: 240 \u20ac R\u00e9duction pour les anciennes stagiaires \u00e0 consulter. Pour vous inscrire c&rsquo;est en ligne! en cliquant sur le bouton ci dessous, vous bercerez des arrhes NON Remboursables d&rsquo;un montant de 120 \u20ac. Le reste vous le paierez en liquide le jeudi 7 en arrivant sur place. Remboursement des arrhes si la retraite n&rsquo;est pas tenu pour la part de l&rsquo;organisatrice via la plateforme STRIPE. Suite au paiement des arrhes en ligne, faites un mail en confirmant votre inscription \u00e0 chantscirculaires@gmail.com ou par WhatsApp au 06 52 10 77 71. Logement et repas Tarif: 215 \u20ac \u00e0 payer en liquide sur place en arrivant. les repas : R\u00e9servation de chambre par ordre d&rsquo;arriv\u00e9e suite \u00e0 votre inscription et notification. 12 lits disponibles. Draps fournis. Salles de bains et toilettes relatifs par chambre. Vous profiterez aussi de toutes les installations: Le lieu : L&rsquo;adresse exacte du lieu est le 339 chemin de la mothe 24380 Val de Louyre et Caudeau. Dans le cas dont vous devrez annuler votre participation au dernier moment, un paiement de 100 \u20ac en d\u00e9dommagement pour le logement et la cuisine vous sera demand\u00e9 et indiqu\u00e9 le mode de paiement. Nous comptons avec votre compr\u00e9hension, votre engagement et votre responsabilit\u00e9. Merci! Pour tout demande de renseignement, n\u2019h\u00e9sitez pas \u00e0 me contacter! Je serai ravie d&rsquo;\u00e9changer avec vous, conna\u00eetre vos motivations et r\u00e9pondre \u00e0 vos question. Avec cr\u00e9ativit\u00e9 et amour! Natalia<\/p>\n","protected":false},"author":2,"featured_media":0,"parent":0,"menu_order":0,"comment_status":"closed","ping_status":"closed","template":"","meta":{"footnotes":""},"class_list":["post-1465","page","type-page","status-publish","hentry"],"_links":{"self":[{"href":"https:\/\/voixducorps.com\/index.php?rest_route=\/wp\/v2\/pages\/1465","targetHints":{"allow":["GET"]}}],"collection":[{"href":"https:\/\/voixducorps.com\/index.php?rest_route=\/wp\/v2\/pages"}],"about":[{"href":"https:\/\/voixducorps.com\/index.php?rest_route=\/wp\/v2\/types\/page"}],"author":[{"embeddable":true,"href":"https:\/\/voixducorps.com\/index.php?rest_route=\/wp\/v2\/users\/2"}],"replies":[{"embeddable":true,"href":"https:\/\/voixducorps.com\/index.php?rest_route=%2Fwp%2Fv2%2Fcomments&post=1465"}],"version-history":[{"count":36,"href":"https:\/\/voixducorps.com\/index.php?rest_route=\/wp\/v2\/pages\/1465\/revisions"}],"predecessor-version":[{"id":1618,"href":"https:\/\/voixducorps.com\/index.php?rest_route=\/wp\/v2\/pages\/1465\/revisions\/1618"}],"wp:attachment":[{"href":"https:\/\/voixducorps.com\/index.php?rest_route=%2Fwp%2Fv2%2Fmedia&parent=1465"}],"curies":[{"name":"wp","href":"https:\/\/api.w.org\/{rel}","templated":true}]}}