{"id":1598,"date":"2025-09-10T13:36:14","date_gmt":"2025-09-10T11:36:14","guid":{"rendered":"https:\/\/voixducorps.com\/?page_id=1598"},"modified":"2025-10-13T00:33:42","modified_gmt":"2025-10-12T22:33:42","slug":"que-goce-la-diosa-experience-musicale-feminine","status":"publish","type":"page","link":"https:\/\/voixducorps.com\/?page_id=1598","title":{"rendered":"Que Goce la Diosa, exp\u00e9rience musicale f\u00e9minine"},"content":{"rendered":"\n<div style=\"height:49px\" aria-hidden=\"true\" class=\"wp-block-spacer\"><\/div>\n\n\n\n<h4 class=\"wp-block-heading has-text-align-center\">CHANTS M\u00c9DECINE D&rsquo;AM\u00c9RIQUE LATINE &#8211; CHANTER S&rsquo;ACCOMPAGNER<\/h4>\n\n\n\n<div style=\"height:30px\" aria-hidden=\"true\" class=\"wp-block-spacer\"><\/div>\n\n\n\n<p class=\"has-text-align-center\">Un espace d\u2019apprentissage, de partage et de plaisir \u00e0 travers la pratique de la musique et l\u2019expression de la d\u00e9esse qui habite en toi.<\/p>\n\n\n\n<div style=\"height:30px\" aria-hidden=\"true\" class=\"wp-block-spacer\"><\/div>\n\n\n<div class=\"wp-block-image\">\n<figure class=\"aligncenter size-full is-resized\"><img data-dominant-color=\"302116\" data-has-transparency=\"false\" loading=\"lazy\" decoding=\"async\" width=\"1080\" height=\"1080\" sizes=\"auto, (max-width: 1080px) 100vw, 1080px\" src=\"https:\/\/voixducorps.com\/wp-content\/uploads\/2025\/09\/2.jpg\" alt=\"Que goce la diosa\nChat et tambours\" class=\"wp-image-1591 not-transparent\" style=\"--dominant-color: #302116; width:607px;height:auto\"\/><\/figure>\n<\/div>\n\n\n<div style=\"height:30px\" aria-hidden=\"true\" class=\"wp-block-spacer\"><\/div>\n\n\n\n<p>D\u00e9couverte d\u2019un r\u00e9pertoire de chants m\u00e9decine, musique improvis\u00e9, technique vocale, travail du rythme, cosmovision latino-am\u00e9ricaine.<\/p>\n\n\n\n<p>Cela se passe les vendredis \u00e0 18h30 jusqu&rsquo;\u00e0 20h00 et 1 samedi par mois (\u00e0 partir novembre) de 10h00 \u00e0 17h00 au 9 rue Pr\u00e9sident \u00c9douard Herriot, Lyon.<\/p>\n\n\n\n<div style=\"height:30px\" aria-hidden=\"true\" class=\"wp-block-spacer\"><\/div>\n\n\n\n<p>La proposition est de construire un r\u00e9pertoire des chants m\u00e9decine progressivement, donc la constitution d&rsquo;un groupe est tr\u00e8s important pour cette progression.<\/p>\n\n\n\n<div style=\"height:30px\" aria-hidden=\"true\" class=\"wp-block-spacer\"><\/div>\n\n\n\n<p>Le 24\/10 nous recevons ESTELITA une grande m\u00e8re de sagesse ancestrale venue de l&rsquo;Argentine et de passage par premi\u00e8re fois \u00e0 Lyon. Ce \u00e9v\u00e8nement s&rsquo;appelle MANA, cela signifie s\u0153ur. ESTELITA en tant que s\u0153ur plus \u00e2g\u00e9 m&rsquo;accompagne \u00e0 plus de vingt ans et je suis tr\u00e8s contente de l&rsquo;inviter \u00e0 partager son compil\u00e9 des hymnes, canalisations autour des \u00e9l\u00e9ments et des arch\u00e9types (Orixas). Ces hymnes sont une p\u00e9pite et vous allez avoir la possibilit\u00e9 unique de nous accompagner \u00e0 les chanter.<\/p>\n\n\n\n<p>Le tarif de cette s\u00e9ance est en collaboration volontaire et consciente (autour de 20 \u20ac) selon vos possibilit\u00e9s.<\/p>\n\n\n\n<div style=\"height:30px\" aria-hidden=\"true\" class=\"wp-block-spacer\"><\/div>\n\n\n\n<p><strong>Pour s&rsquo;inscrire il faut remplir le formulaire ci dessous avec votre pr\u00e9nom, mail et t\u00e9l\u00e9phone. <\/strong><\/p>\n\n\n\n<p>Pour celles qui sont inscrites \u00e0 QUE GOCE LA DIOSA cette s\u00e9ance est un cadeau qui fait partie de cette aventure!.<\/p>\n\n\n\n<div style=\"height:30px\" aria-hidden=\"true\" class=\"wp-block-spacer\"><\/div>\n\n\n\n<figure class=\"wp-block-image size-full is-resized\"><img data-dominant-color=\"64403c\" data-has-transparency=\"false\" loading=\"lazy\" decoding=\"async\" width=\"1080\" height=\"1350\" sizes=\"auto, (max-width: 1080px) 100vw, 1080px\" src=\"https:\/\/voixducorps.com\/wp-content\/uploads\/2025\/10\/MANA-FLOR.jpg\" alt=\"\" class=\"wp-image-1817 not-transparent\" style=\"--dominant-color: #64403c; width:380px;height:auto\"\/><\/figure>\n\n\n\n<div style=\"height:30px\" aria-hidden=\"true\" class=\"wp-block-spacer\"><\/div>\n\n\n\n<div class=\"wp-block-group\"><div class=\"wp-block-group__inner-container is-layout-constrained wp-block-group-is-layout-constrained\">\n<div class=\"wp-block-columns is-layout-flex wp-container-core-columns-is-layout-28f84493 wp-block-columns-is-layout-flex\">\n<div class=\"wp-block-column is-layout-flow wp-block-column-is-layout-flow\" style=\"flex-basis:100%\">\n<figure class=\"wp-block-table\"><table class=\"has-fixed-layout\"><tbody><tr><td><strong>Octobre <\/strong><\/td><td><strong>Novembre<\/strong><\/td><td><strong>D\u00e9cembre<\/strong><\/td><td><strong>Janvier (26)<\/strong><\/td><td><strong>TARIF<\/strong><\/td><\/tr><tr><td><strong>Vendredi<\/strong><br>18h30 \u00e0 20h00<br><strong>Les 10, 24, 31<\/strong><\/td><td><br><br><strong>Les 14, 28<\/strong><\/td><td><br><br><strong>Les 12, 19<\/strong><\/td><td><br><br><strong>Les 9, 23, 30<\/strong><\/td><td><br><br><strong>250 \u20ac <\/strong><\/td><\/tr><tr><td><strong>Samedi<\/strong><br>10h00 \u00e0 17h00  <\/td><td><strong>Le 15<\/strong><\/td><td><strong>Le 13<\/strong><\/td><td><strong>Le 17<\/strong><\/td><td><strong>140 \u20ac <\/strong><\/td><\/tr><\/tbody><\/table><\/figure>\n<\/div>\n<\/div>\n<\/div><\/div>\n\n\n\n<div style=\"height:30px\" aria-hidden=\"true\" class=\"wp-block-spacer\"><\/div>\n\n\n\n<p>Les samedis sont une option de vivre cette proposition dans des s\u00e9ances isol\u00e9es et avec l\u2019exp\u00e9rience du <strong>Coaching vocal La Voix Du Corps<\/strong>. Ces s\u00e9ances sont th\u00e9matiques et visent \u00e0 enlever les entraves de la voix pour d\u00e9couvrir un geste vocale saine et libre et profiter au mieux le chant en collectif et en solo ainsi que d&rsquo;ouvrir espaces collectifs de exploration autour de diff\u00e9rents axes de travail de la voix et du f\u00e9minin. Ces s\u00e9ances sont ouverts \u00e0 toute femme d\u00e9sirant explorer sa voix sur les axes th\u00e9matiques qui sont propos\u00e9es en plus de cette formule coaching individuel.<\/p>\n\n\n\n<p>L\u2019inscription \u00e0 ces s\u00e9ances sera en ligne bient\u00f4t!!! <\/p>\n\n\n\n<p>(Dans la section correspondant \u00e0 \u00e9v\u00e8nements).<\/p>\n\n\n\n<div style=\"height:30px\" aria-hidden=\"true\" class=\"wp-block-spacer\"><\/div>\n\n\n<div class=\"wp-block-image\">\n<figure class=\"aligncenter size-full is-resized\"><img data-dominant-color=\"553a22\" data-has-transparency=\"false\" loading=\"lazy\" decoding=\"async\" width=\"1080\" height=\"1080\" sizes=\"auto, (max-width: 1080px) 100vw, 1080px\" src=\"https:\/\/voixducorps.com\/wp-content\/uploads\/2025\/09\/1.jpg\" alt=\"Exp\u00e9rience musicale f\u00e9minine - Natalia Flor Magliano\" class=\"wp-image-1592 not-transparent\" style=\"--dominant-color: #553a22; width:528px;height:auto\"\/><figcaption class=\"wp-element-caption\">Exp\u00e9rience musicale f\u00e9minine <\/figcaption><\/figure>\n<\/div>\n\n\n<div style=\"height:43px\" aria-hidden=\"true\" class=\"wp-block-spacer\"><\/div>\n\n\n\n<blockquote class=\"wp-block-quote is-layout-flow wp-block-quote-is-layout-flow\">\n<p><strong>Venez \u00e0 d\u00e9couvrir et ressentir cette proposition pour vous m\u00eame le vendredi 24\/10 avec la pr\u00e9sence d&rsquo;ESTELITA !<\/strong><\/p>\n<\/blockquote>\n\n\n\n<div style=\"height:30px\" aria-hidden=\"true\" class=\"wp-block-spacer\"><\/div>\n\n\n\n<p><em><strong>INSCRIVEZ EN REMPLISSANT LE FORMULAIRE<\/strong><\/em>:<\/p>\n\n\n\n<div class=\"wp-block-contact-form-7-contact-form-selector\">\n<div class=\"wpcf7 no-js\" id=\"wpcf7-f1637-o1\" lang=\"fr-FR\" dir=\"ltr\" data-wpcf7-id=\"1637\">\n<div class=\"screen-reader-response\"><p role=\"status\" aria-live=\"polite\" aria-atomic=\"true\"><\/p> <ul><\/ul><\/div>\n<form action=\"\/index.php?rest_route=%2Fwp%2Fv2%2Fpages%2F1598#wpcf7-f1637-o1\" method=\"post\" class=\"wpcf7-form init\" aria-label=\"Formulaire de contact\" novalidate=\"novalidate\" data-status=\"init\">\n<fieldset class=\"hidden-fields-container\"><input type=\"hidden\" name=\"_wpcf7\" value=\"1637\" \/><input type=\"hidden\" name=\"_wpcf7_version\" value=\"6.1.5\" \/><input type=\"hidden\" name=\"_wpcf7_locale\" value=\"fr_FR\" \/><input type=\"hidden\" name=\"_wpcf7_unit_tag\" value=\"wpcf7-f1637-o1\" \/><input type=\"hidden\" name=\"_wpcf7_container_post\" value=\"0\" \/><input type=\"hidden\" name=\"_wpcf7_posted_data_hash\" value=\"\" \/>\n<\/fieldset>\n<p><label> Votre nom<br \/>\n<span class=\"wpcf7-form-control-wrap\" data-name=\"your-name\"><input size=\"40\" maxlength=\"400\" class=\"wpcf7-form-control wpcf7-text wpcf7-validates-as-required\" autocomplete=\"name\" aria-required=\"true\" aria-invalid=\"false\" value=\"\" type=\"text\" name=\"your-name\" \/><\/span> <\/label>\n<\/p>\n<p><label> Votre e-mail<br \/>\n<span class=\"wpcf7-form-control-wrap\" data-name=\"your-email\"><input size=\"40\" maxlength=\"400\" class=\"wpcf7-form-control wpcf7-email wpcf7-validates-as-required wpcf7-text wpcf7-validates-as-email\" autocomplete=\"email\" aria-required=\"true\" aria-invalid=\"false\" value=\"\" type=\"email\" name=\"your-email\" \/><\/span> <\/label>\n<\/p>\n<p><label> Votre t\u00e9l\u00e9phone<br \/>\n<span class=\"wpcf7-form-control-wrap\" data-name=\"tel-033\"><input size=\"40\" maxlength=\"10\" minlength=\"10\" class=\"wpcf7-form-control wpcf7-tel wpcf7-validates-as-required wpcf7-text wpcf7-validates-as-tel 0652107771\" aria-required=\"true\" aria-invalid=\"false\" value=\"\" type=\"tel\" name=\"tel-033\" \/><\/span><\/label>\n<\/p>\n<p><label> Je m'inscrit au cours d'essai gratuit du Vendredi 10 octobre, Que Goce la Diosa, exp\u00e9rience musicale f\u00e9minine<\/label>\n<\/p>\n<p><label> Votre message (facultatif)<br \/>\n<span class=\"wpcf7-form-control-wrap\" data-name=\"your-message\"><textarea cols=\"40\" rows=\"10\" maxlength=\"2000\" class=\"wpcf7-form-control wpcf7-textarea\" aria-invalid=\"false\" name=\"your-message\"><\/textarea><\/span> <\/label>\n<\/p>\n<p><input class=\"wpcf7-form-control wpcf7-submit has-spinner\" type=\"submit\" value=\"Envoyer\" \/>\n<\/p><div class=\"wpcf7-response-output\" aria-hidden=\"true\"><\/div>\n<\/form>\n<\/div>\n<\/div>\n\n\n\n<div style=\"height:43px\" aria-hidden=\"true\" class=\"wp-block-spacer\"><\/div>\n\n\n\n<p><strong>Forme de payement:<\/strong><\/p>\n\n\n\n<p>Le payement est propos\u00e9 dans sa totalit\u00e9 (vendredis et samedis) \u00e0 une tarif de 390 \u20ac. Mais aussi vous pouvez choisir de payer 250 \u20ac correspondant aux cours de vendredi et participer de fa\u00e7on ponctuelle aux ateliers de samedi en payant une tarif de 60 \u20ac par atelier (75 \u20ac pour les personnes venant exclusivement \u00e0 ce \u00e9v\u00e9nement).<\/p>\n\n\n\n<p>La suite du payement peut \u00eatre \u00e9chelonn\u00e9 en 2 ou 3 fois d\u00e9pendent de votre formule.Cela sera par ch\u00e8que. En donnant les ch\u00e8ques respectifs selon l&rsquo;accord individuel avec chaque personne.<\/p>\n\n\n\n<p>Si vous \u00eates sur de vouloir vous inscrire n\u2019h\u00e9sitez pas a venir au cours s\u2019essaie avec le montant de 100 \u20ac en liquide pour confirmer votre inscription le jour m\u00eame. Si vous \u00eates sur d\u00e9j\u00e0 de vouloir r\u00e9server votre place, confirmez votre engagement en cliquant sur le bouton et faisant le payement en ligne.<\/p>\n\n\n\n<div style=\"height:30px\" aria-hidden=\"true\" class=\"wp-block-spacer\"><\/div>\n\n\n<p><script async\n  src=\"https:\/\/js.stripe.com\/v3\/buy-button.js\">\n<\/script><\/p>\n<p><stripe-buy-button\n  buy-button-id=\"buy_btn_1S6wfnG4HmNc0HTpQkElMAJB\"\n  publishable-key=\"pk_live_51Q8htCG4HmNc0HTpUHGnvynRZRIeMkCVhsVspuuidv5FwpZvoF0LO42YfaMyBUc1DMNfCRs0Kg6pW1Ji1P61Pwrz00k4UQ1Awt\"\n><br \/>\n<\/stripe-buy-button><\/p>\n\n\n\n<div style=\"height:30px\" aria-hidden=\"true\" class=\"wp-block-spacer\"><\/div>\n\n\n\n<p>Pour plus de renseignement n&rsquo;h\u00e9site pas \u00e0 <a href=\"https:\/\/voixducorps.com\/?page_id=632\">me contacter<\/a> pour convenir d&rsquo;un rdv t\u00e9l\u00e9phonique et pouvoir \u00e9vacuer toute type de doute.<\/p>\n\n\n\n<p class=\"has-text-align-center\">Avec plaisir de faire jaillir la d\u00e9esse ensemble!<\/p>\n\n\n\n<p class=\"has-text-align-center\">QUE GOCE LA DIOSA !<\/p>\n\n\n\n<p class=\"has-text-align-center\">Natalia Flor<\/p>\n\n\n\n<p><\/p>\n\n\n\n<p><\/p>\n\n\n\n<p><\/p>\n","protected":false},"excerpt":{"rendered":"<p>CHANTS M\u00c9DECINE D&rsquo;AM\u00c9RIQUE LATINE &#8211; CHANTER S&rsquo;ACCOMPAGNER Un espace d\u2019apprentissage, de partage et de plaisir \u00e0 travers la pratique de la musique et l\u2019expression de la d\u00e9esse qui habite en toi. D\u00e9couverte d\u2019un r\u00e9pertoire de chants m\u00e9decine, musique improvis\u00e9, technique vocale, travail du rythme, cosmovision latino-am\u00e9ricaine. Cela se passe les vendredis \u00e0 18h30 jusqu&rsquo;\u00e0 20h00 et 1 samedi par mois (\u00e0 partir novembre) de 10h00 \u00e0 17h00 au 9 rue Pr\u00e9sident \u00c9douard Herriot, Lyon. La proposition est de construire un r\u00e9pertoire des chants m\u00e9decine progressivement, donc la constitution d&rsquo;un groupe est tr\u00e8s important pour cette progression. Le 24\/10 nous recevons ESTELITA une grande m\u00e8re de sagesse ancestrale venue de l&rsquo;Argentine et de passage par premi\u00e8re fois \u00e0 Lyon. Ce \u00e9v\u00e8nement s&rsquo;appelle MANA, cela signifie s\u0153ur. ESTELITA en tant que s\u0153ur plus \u00e2g\u00e9 m&rsquo;accompagne \u00e0 plus de vingt ans et je suis tr\u00e8s contente de l&rsquo;inviter \u00e0 partager son compil\u00e9 des hymnes, canalisations autour des \u00e9l\u00e9ments et des arch\u00e9types (Orixas). Ces hymnes sont une p\u00e9pite et vous allez avoir la possibilit\u00e9 unique de nous accompagner \u00e0 les chanter. Le tarif de cette s\u00e9ance est en collaboration volontaire et consciente (autour de 20 \u20ac) selon vos possibilit\u00e9s. Pour s&rsquo;inscrire il faut remplir le formulaire ci dessous avec votre pr\u00e9nom, mail et t\u00e9l\u00e9phone. Pour celles qui sont inscrites \u00e0 QUE GOCE LA DIOSA cette s\u00e9ance est un cadeau qui fait partie de cette aventure!. Octobre Novembre D\u00e9cembre Janvier (26) TARIF Vendredi18h30 \u00e0 20h00Les 10, 24, 31 Les 14, 28 Les 12, 19 Les 9, 23, 30 250 \u20ac Samedi10h00 \u00e0 17h00 Le 15 Le 13 Le 17 140 \u20ac Les samedis sont une option de vivre cette proposition dans des s\u00e9ances isol\u00e9es et avec l\u2019exp\u00e9rience du Coaching vocal La Voix Du Corps. Ces s\u00e9ances sont th\u00e9matiques et visent \u00e0 enlever les entraves de la voix pour d\u00e9couvrir un geste vocale saine et libre et profiter au mieux le chant en collectif et en solo ainsi que d&rsquo;ouvrir espaces collectifs de exploration autour de diff\u00e9rents axes de travail de la voix et du f\u00e9minin. Ces s\u00e9ances sont ouverts \u00e0 toute femme d\u00e9sirant explorer sa voix sur les axes th\u00e9matiques qui sont propos\u00e9es en plus de cette formule coaching individuel. L\u2019inscription \u00e0 ces s\u00e9ances sera en ligne bient\u00f4t!!! (Dans la section correspondant \u00e0 \u00e9v\u00e8nements). Venez \u00e0 d\u00e9couvrir et ressentir cette proposition pour vous m\u00eame le vendredi 24\/10 avec la pr\u00e9sence d&rsquo;ESTELITA ! INSCRIVEZ EN REMPLISSANT LE FORMULAIRE: Forme de payement: Le payement est propos\u00e9 dans sa totalit\u00e9 (vendredis et samedis) \u00e0 une tarif de 390 \u20ac. Mais aussi vous pouvez choisir de payer 250 \u20ac correspondant aux cours de vendredi et participer de fa\u00e7on ponctuelle aux ateliers de samedi en payant une tarif de 60 \u20ac par atelier (75 \u20ac pour les personnes venant exclusivement \u00e0 ce \u00e9v\u00e9nement). La suite du payement peut \u00eatre \u00e9chelonn\u00e9 en 2 ou 3 fois d\u00e9pendent de votre formule.Cela sera par ch\u00e8que. En donnant les ch\u00e8ques respectifs selon l&rsquo;accord individuel avec chaque personne. Si vous \u00eates sur de vouloir vous inscrire n\u2019h\u00e9sitez pas a venir au cours s\u2019essaie avec le montant de 100 \u20ac en liquide pour confirmer votre inscription le jour m\u00eame. Si vous \u00eates sur d\u00e9j\u00e0 de vouloir r\u00e9server votre place, confirmez votre engagement en cliquant sur le bouton et faisant le payement en ligne. Pour plus de renseignement n&rsquo;h\u00e9site pas \u00e0 me contacter pour convenir d&rsquo;un rdv t\u00e9l\u00e9phonique et pouvoir \u00e9vacuer toute type de doute. Avec plaisir de faire jaillir la d\u00e9esse ensemble! QUE GOCE LA DIOSA ! Natalia Flor<\/p>\n","protected":false},"author":2,"featured_media":0,"parent":0,"menu_order":0,"comment_status":"closed","ping_status":"closed","template":"","meta":{"footnotes":""},"class_list":["post-1598","page","type-page","status-publish","hentry"],"_links":{"self":[{"href":"https:\/\/voixducorps.com\/index.php?rest_route=\/wp\/v2\/pages\/1598","targetHints":{"allow":["GET"]}}],"collection":[{"href":"https:\/\/voixducorps.com\/index.php?rest_route=\/wp\/v2\/pages"}],"about":[{"href":"https:\/\/voixducorps.com\/index.php?rest_route=\/wp\/v2\/types\/page"}],"author":[{"embeddable":true,"href":"https:\/\/voixducorps.com\/index.php?rest_route=\/wp\/v2\/users\/2"}],"replies":[{"embeddable":true,"href":"https:\/\/voixducorps.com\/index.php?rest_route=%2Fwp%2Fv2%2Fcomments&post=1598"}],"version-history":[{"count":32,"href":"https:\/\/voixducorps.com\/index.php?rest_route=\/wp\/v2\/pages\/1598\/revisions"}],"predecessor-version":[{"id":1826,"href":"https:\/\/voixducorps.com\/index.php?rest_route=\/wp\/v2\/pages\/1598\/revisions\/1826"}],"wp:attachment":[{"href":"https:\/\/voixducorps.com\/index.php?rest_route=%2Fwp%2Fv2%2Fmedia&parent=1598"}],"curies":[{"name":"wp","href":"https:\/\/api.w.org\/{rel}","templated":true}]}}