{"id":2144,"date":"2025-12-19T01:54:05","date_gmt":"2025-12-19T00:54:05","guid":{"rendered":"https:\/\/voixducorps.com\/?page_id=2144"},"modified":"2026-01-08T14:33:51","modified_gmt":"2026-01-08T13:33:51","slug":"week-end-jaguar","status":"publish","type":"page","link":"https:\/\/voixducorps.com\/?page_id=2144","title":{"rendered":"Week-end JAGUAR"},"content":{"rendered":"\n<div style=\"height:30px\" aria-hidden=\"true\" class=\"wp-block-spacer\"><\/div>\n\n\n\n<h5 class=\"wp-block-heading has-text-align-center\"><strong>Voix, Corps et Cr\u00e9ativit\u00e9<\/strong><\/h5>\n\n\n\n<div style=\"height:30px\" aria-hidden=\"true\" class=\"wp-block-spacer\"><\/div>\n\n\n\n<h6 class=\"wp-block-heading has-text-align-center\"><strong>Les 9, 10 &amp; 11 janvier<\/strong> <strong>2026<\/strong><\/h6>\n\n\n\n<div style=\"height:30px\" aria-hidden=\"true\" class=\"wp-block-spacer\"><\/div>\n\n\n<div class=\"wp-block-image wp-duotone-unset-1\">\n<figure class=\"aligncenter is-resized\"><img data-dominant-color=\"4c3646\" data-has-transparency=\"false\" loading=\"lazy\" decoding=\"async\" width=\"1920\" height=\"1080\" sizes=\"auto, (max-width: 1920px) 100vw, 1920px\" src=\"https:\/\/voixducorps.com\/wp-content\/uploads\/2025\/12\/La-voix.e-de-la-femme-jaguar-1920-x-1080-px2.jpg\" alt=\"\" class=\"wp-image-2140 not-transparent\" style=\"--dominant-color: #4c3646; aspect-ratio:1.7777396177004994;width:790px;height:auto\"\/><\/figure>\n<\/div>\n\n\n<div style=\"height:15px\" aria-hidden=\"true\" class=\"wp-block-spacer\"><\/div>\n\n\n\n<h6 class=\"wp-block-heading has-text-align-center\"><strong>Du vendredi soir au dimanche apr\u00e8s-midi<\/strong><\/h6>\n\n\n\n<div style=\"height:30px\" aria-hidden=\"true\" class=\"wp-block-spacer\"><\/div>\n\n\n\n<blockquote class=\"wp-block-quote is-layout-flow wp-block-quote-is-layout-flow\">\n<p><\/p>\n<\/blockquote>\n\n\n\n<div style=\"height:30px\" aria-hidden=\"true\" class=\"wp-block-spacer\"><\/div>\n\n\n\n<blockquote class=\"wp-block-quote is-layout-flow wp-block-quote-is-layout-flow\">\n<p><\/p>\n<\/blockquote>\n\n\n\n<h3 class=\"wp-block-heading has-text-align-center\"><strong><em>WEEK-END JAGUAR<\/em><\/strong>   <strong>Immersion Urbaine, Corps, Voix &amp; Cr\u00e9ativit\u00e9<\/strong><\/h3>\n\n\n\n<p class=\"has-text-align-center\"><strong>Du 9 au 11 Janvier 2026<\/strong> <strong>Incarnez votre rugissement pour 2026 !<\/strong><\/p>\n\n\n\n<div style=\"height:30px\" aria-hidden=\"true\" class=\"wp-block-spacer\"><\/div>\n\n\n\n<p class=\"has-text-align-center\">Dans le tumulte de la ville, il existe un espace de silence et de force qui ne demande qu&rsquo;\u00e0 \u00eatre r\u00e9veill\u00e9. Nous vous invitons au <strong>Week-end Jaguar<\/strong>, une exp\u00e9rience immersive con\u00e7ue comme un voyage au c\u0153ur de votre propre \u00ab\u00a0for\u00eat int\u00e9rieure\u00a0\u00bb.<\/p>\n\n\n\n<p class=\"has-text-align-center\">Alors que l&rsquo;ann\u00e9e 2026 s&rsquo;ouvre \u00e0 peine, le deuxi\u00e8me week-end de l&rsquo;ann\u00e9e est le moment de quitter l&rsquo;agitation des f\u00eates pour plonger dans votre for\u00eat int\u00e9rieure et d\u00e9finir comment vous allez occuper votre territoire cette ann\u00e9e. Le Jaguar nous appelle \u00e0 ne pas simplement \u00ab\u00a0avancer\u00a0\u00bb, mais \u00e0 marcher avec une autorit\u00e9 naturelle et une vision claire, m\u00eame dans l&rsquo;inconnu.<\/p>\n\n\n\n<div style=\"height:30px\" aria-hidden=\"true\" class=\"wp-block-spacer\"><\/div>\n\n\n\n<h3 class=\"wp-block-heading\">L\u2019Esprit du Jaguar<\/h3>\n\n\n\n<p class=\"has-text-align-center\"><em>\u00ab Ma\u00eetre du silence et de la force tranquille, le Jaguar nous enseigne \u00e0 marcher avec souverainet\u00e9 pour ancrer notre sensualit\u00e9, lib\u00e9rer notre cr\u00e9ativit\u00e9 f\u00e9roce, et faire surgir le rugissement de notre v\u00e9rit\u00e9 m\u00eame au c\u0153ur de l\u2019obscurit\u00e9. \u00bb<\/em><\/p>\n\n\n\n<div style=\"height:30px\" aria-hidden=\"true\" class=\"wp-block-spacer\"><\/div>\n\n\n\n<h3 class=\"wp-block-heading\">Une Immersion, cinq Portes d&rsquo;Entr\u00e9e<\/h3>\n\n\n\n<div style=\"height:30px\" aria-hidden=\"true\" class=\"wp-block-spacer\"><\/div>\n\n\n\n<p><strong>Le Miroir :<\/strong> La rencontre avec l&rsquo;autre pour se voir, se reconna\u00eetre et se sentir libre, ensemble.<\/p>\n\n\n\n<p><strong>Le Rythme :<\/strong> Le battement des tambours pour synchroniser votre vos pieds \u00e0 la terre.<\/p>\n\n\n\n<p><strong>La Voix :<\/strong> Lib\u00e9ration vocale et chants-m\u00e9decine pour faire vibrer ce qui sommeille au plus profond de vous.<\/p>\n\n\n\n<p><strong>Le Corps :<\/strong> La danse et le mouvement pour retrouver un ancrage sauvage, sensuelle et libre.<\/p>\n\n\n\n<p><strong>La Cr\u00e9ativit\u00e9&nbsp;:<\/strong> Pour retrouver le propre tr\u00e9sor, le dialogue de l\u2019enfant avec le ciel, le cadeau de faire avec ses propres mots en tant que canal de votre propre \u00e9nergie.<\/p>\n\n\n\n<div style=\"height:30px\" aria-hidden=\"true\" class=\"wp-block-spacer\"><\/div>\n\n\n\n<p>Plongez dans l&rsquo;obscurit\u00e9 pour y trouver votre lumi\u00e8re et incarner votre puissance cr\u00e9ative.<\/p>\n\n\n\n<p>Nous canaliserons l&rsquo;\u00e9nergie de l&rsquo;arch\u00e9type du Jaguar : le ma\u00eetre de la <strong>vision nocturne<\/strong> et du <strong>pouvoir silencieux<\/strong>.<\/p>\n\n\n\n<div style=\"height:30px\" aria-hidden=\"true\" class=\"wp-block-spacer\"><\/div>\n\n\n\n<p><strong>Pourquoi le Jaguar ?<\/strong> Dans de nombreuses traditions d&rsquo;Am\u00e9rique Latine, le Jaguar symbolise la capacit\u00e9 de <strong>voir dans l&rsquo;obscurit\u00e9<\/strong>, de <strong>se mouvoir sans bruit<\/strong>, <strong>Il nous apprend \u00e0 unir le silence et le rugissement pour manifester notre <strong>sensualit\u00e9 et notre v\u00e9rit\u00e9<\/strong><\/strong> et <strong>transformer les peurs en puissance<\/strong>. C&rsquo;est exactement l&rsquo;\u00e9nergie que nous allons incarner.<\/p>\n\n\n\n<div style=\"height:30px\" aria-hidden=\"true\" class=\"wp-block-spacer\"><\/div>\n\n\n\n<h4 class=\"wp-block-heading\">Le Programme D\u00e9taill\u00e9 du Week-end<\/h4>\n\n\n\n<div style=\"height:30px\" aria-hidden=\"true\" class=\"wp-block-spacer\"><\/div>\n\n\n\n<p>Ce week-end est une invitation \u00e0 lib\u00e9rer votre expression la plus authentique \u00e0 travers le mouvement, le son et la rencontre. Vous pouvez choisir l&rsquo;<strong>Immersion Totale (Pass Complet)<\/strong> pour un processus de transformation profonde, ou rejoindre le cercle pour un <strong>Atelier Individuel<\/strong> :<\/p>\n\n\n\n<div style=\"height:30px\" aria-hidden=\"true\" class=\"wp-block-spacer\"><\/div>\n\n\n\n<h6 class=\"wp-block-heading\">1.  LA DIOSA Jaguar (Cercle de Femmes) Rythme Tambour et Chants-M\u00e9decine<\/h6>\n\n\n\n<p><em><strong>Vendredi 9 Janvier | 18h30 \u2013 20h00<\/strong><\/em> <\/p>\n\n\n\n<div style=\"height:15px\" aria-hidden=\"true\" class=\"wp-block-spacer\"><\/div>\n\n\n\n<h6 class=\"wp-block-heading\">2. TEMPLE CR\u00c9ATIF : Cr\u00e9ation des Chants-M\u00e9decine<\/h6>\n\n\n\n<p><strong><em>Samedi 10 Janvier | 10h00 \u2013 17h00<\/em><\/strong><\/p>\n\n\n\n<div style=\"height:15px\" aria-hidden=\"true\" class=\"wp-block-spacer\"><\/div>\n\n\n\n<h6 class=\"wp-block-heading\">3. C\u00e9r\u00e9monie Cacao des Racines : C\u00e9l\u00e9bration &amp; Danse<\/h6>\n\n\n\n<p><em><strong>Samedi 10 Janvier | 19h00 \u2013 22h00<\/strong><\/em> <\/p>\n\n\n\n<div style=\"height:15px\" aria-hidden=\"true\" class=\"wp-block-spacer\"><\/div>\n\n\n\n<h6 class=\"wp-block-heading\">4. La Voix M\u00e9decine : Lib\u00e9ration Voix et \u00c9motion<\/h6>\n\n\n\n<p><em><strong>Dimanche 11 Janvier | 10h00 \u2013 16h00<\/strong><\/em> <\/p>\n\n\n\n<div style=\"height:30px\" aria-hidden=\"true\" class=\"wp-block-spacer\"><\/div>\n\n\n\n<p><strong>Places limit\u00e9es !<\/strong> Ne manquez pas cette plong\u00e9e dans votre foret int\u00e9rieur.<\/p>\n\n\n\n<div style=\"height:60px\" aria-hidden=\"true\" class=\"wp-block-spacer\"><\/div>\n\n\n\n<div style=\"height:30px\" aria-hidden=\"true\" class=\"wp-block-spacer\"><\/div>\n\n\n\n<div class=\"wp-block-media-text is-stacked-on-mobile is-vertically-aligned-top\" style=\"grid-template-columns:17% auto\"><figure class=\"wp-block-media-text__media\"><img data-dominant-color=\"41363d\" data-has-transparency=\"false\" style=\"--dominant-color: #41363d;\" loading=\"lazy\" decoding=\"async\" width=\"1080\" height=\"1440\" src=\"https:\/\/voixducorps.com\/wp-content\/uploads\/2025\/12\/La-voix.e-de-la-femme-jaguar-Post-de-Instagram-34.jpg\" alt=\"\" class=\"wp-image-2143 size-full not-transparent\"\/><\/figure><div class=\"wp-block-media-text__content\">\n<div style=\"height:15px\" aria-hidden=\"true\" class=\"wp-block-spacer\"><\/div>\n\n\n\n<p><strong>Vendredi 9 Janvier 18h30 \u2013 20h00 <\/strong><\/p>\n\n\n\n<p><strong>LA DIOSA Jaguar<\/strong> <em>(Pour Femmes)<\/em> <br><strong>Rythme Tambour et Chants-M\u00e9decine<\/strong><br>Un rituel d&rsquo;ouverture puissant pour s&rsquo;ancrer dans le corps f\u00e9minin. Connexion au rythme sacr\u00e9 du tambour pour \u00e9veiller la d\u00e9esse int\u00e9rieure et \u00e9lever la voix qui \u00e9merge de la terre avec des chants m\u00e9decine.       <strong>Tarif: 30 \u20ac<\/strong><\/p>\n\n\n\n<div style=\"height:30px\" aria-hidden=\"true\" class=\"wp-block-spacer\"><\/div>\n\n\n\n<div class=\"wp-block-media-text is-stacked-on-mobile\" style=\"grid-template-columns:26% auto\"><figure class=\"wp-block-media-text__media\"><img data-dominant-color=\"1f1e32\" data-has-transparency=\"false\" style=\"--dominant-color: #1f1e32;\" loading=\"lazy\" decoding=\"async\" width=\"1080\" height=\"1440\" src=\"https:\/\/voixducorps.com\/wp-content\/uploads\/2025\/12\/La-voix.e-de-la-femme-jaguar-Post-de-Instagram-341.jpg\" alt=\"\" class=\"wp-image-2146 size-full not-transparent\"\/><\/figure><div class=\"wp-block-media-text__content\">\n<p><br><strong>Samedi 10 Janvier 10h00 \u2013 17h00<\/strong><\/p>\n\n\n\n<p><strong>TEMPLE CR\u00c9ATIF<\/strong> <strong>Cr\u00e9er ses propres chants-m\u00e9decine, textes et rituels<\/strong><br>Une exp\u00e9rience immersive avec des outils uniques pour faciliter un espace cr\u00e9atif, ludique profonde mais pas solennel. <strong>Cr\u00e9er ses propres chants-m\u00e9decine, textes et rituels<\/strong> est une fa\u00e7on de rentrer dans votre temple, intime, unique, personnel. Vous apprendrez \u00e0 canaliser votre propre \u00ab\u00a0Chant-M\u00e9decine\u00a0\u00bb. Ce chant ne sera pas une simple m\u00e9lodie, mais votre alli\u00e9e pour toute l&rsquo;ann\u00e9e 2026 : une vibration unique qui ancre vos projets et votre v\u00e9rit\u00e9. <em>(Places limit\u00e9es pour un accompagnement cibl\u00e9).<\/em>                              <strong>Tarif :<\/strong> <strong>90 \u20ac<\/strong><\/p>\n<\/div><\/div>\n\n\n\n<div style=\"height:30px\" aria-hidden=\"true\" class=\"wp-block-spacer\"><\/div>\n\n\n\n<div class=\"wp-block-media-text is-stacked-on-mobile\" style=\"grid-template-columns:27% auto\"><figure class=\"wp-block-media-text__media\"><img data-dominant-color=\"6b5344\" data-has-transparency=\"false\" style=\"--dominant-color: #6b5344;\" loading=\"lazy\" decoding=\"async\" width=\"1080\" height=\"1440\" src=\"https:\/\/voixducorps.com\/wp-content\/uploads\/2025\/12\/CACAO-Post-de-Instagram-34.jpg\" alt=\"\" class=\"wp-image-2147 size-full not-transparent\"\/><\/figure><div class=\"wp-block-media-text__content\">\n<div style=\"height:15px\" aria-hidden=\"true\" class=\"wp-block-spacer\"><\/div>\n\n\n\n<p><br><strong>Samedi 10 janvier 19h00 \u2013 22h00<\/strong><\/p>\n\n\n\n<p><strong>C\u00c9R\u00c9MONIE CACAO des Racines JAGUAR<\/strong><\/p>\n\n\n\n<p><br>Un temps de c\u00e9l\u00e9bration et de connexion profonde. Ancrage amplifi\u00e9 par le Cacao, danse libre et rituelle pour honorer les racines, l&rsquo;\u00e9nergie vitale et l&rsquo;int\u00e9gration de la force Jaguar. Une soir\u00e9e de danse m\u00e9decine et de connexion o\u00f9 l&rsquo;autre devient un miroir bienveillant. On y vient pour se sentir libre, sauvage, et intens\u00e9ment vivant en compagnie du clan.<\/p>\n\n\n\n<p>Si vous venez seulement au Cacao il est important de vos inscrire au plus tard vendredi 9 pour comptabiliser le nombre de participants pour la pr\u00e9paration, donc fondamental recevoir votre validation d&rsquo;inscription par mail ou message. <\/p>\n\n\n\n<p>Merci de r\u00e9server votre place avec anticipation!!!!                                               <strong>Tarif:<\/strong> <strong>35 \u20ac<\/strong><\/p>\n<\/div><\/div>\n\n\n\n<div style=\"height:30px\" aria-hidden=\"true\" class=\"wp-block-spacer\"><\/div>\n<\/div><\/div>\n\n\n\n<div class=\"wp-block-media-text is-stacked-on-mobile is-vertically-aligned-top\" style=\"grid-template-columns:19% auto\"><figure class=\"wp-block-media-text__media\"><img data-dominant-color=\"3a3939\" data-has-transparency=\"false\" style=\"--dominant-color: #3a3939;\" loading=\"lazy\" decoding=\"async\" width=\"1080\" height=\"1440\" src=\"https:\/\/voixducorps.com\/wp-content\/uploads\/2025\/12\/La-voix.e-de-la-femme-jaguar-Post-de-Instagram-34-1.jpg\" alt=\"\" class=\"wp-image-2148 size-full not-transparent\"\/><\/figure><div class=\"wp-block-media-text__content\">\n<p><br><strong>Dimanche 11 Janvier  10h00 \u2013 16h00<\/strong><\/p>\n\n\n\n<p><strong>LA VOIX M\u00c9DECINE &#8211; Lib\u00e9ration Voix \u00c9motion<\/strong><\/p>\n\n\n\n<p><br>Pour cl\u00f4turer ce week-end, nous travaillons l&rsquo;outil de manifestation le plus puissant : votre voix. Un atelier intensif pour lib\u00e9rer la voix et ses \u00e9motions. Nous explorerons l&rsquo;\u00e9quilibre entre la <strong>force du Jaguar<\/strong> et la <strong>vuln\u00e9rabilit\u00e9<\/strong> n\u00e9cessaire \u00e0 l&rsquo;expression authentique, permettant \u00e0 votre voix d&rsquo;\u00eatre un v\u00e9ritable outil alignement. Nous proposerons des Mini-Coachings individuels pour aller au point d&rsquo;entrave de votre expression.<\/p>\n\n\n\n<p>Les places pour cet atelier sont limit\u00e9es \u00e0 12 personnes. Ne tardez pas pour r\u00e9server votre place!.<\/p>\n\n\n\n<p><strong>Tarif:<\/strong> <strong>70 \u20ac<\/strong><\/p>\n\n\n\n<div style=\"height:60px\" aria-hidden=\"true\" class=\"wp-block-spacer\"><\/div>\n\n\n\n<p><strong>Pourquoi choisir l&rsquo;Immersion Jaguar ?<\/strong><\/p>\n\n\n\n<div style=\"height:30px\" aria-hidden=\"true\" class=\"wp-block-spacer\"><\/div>\n\n\n\n<ul class=\"wp-block-list\">\n<li><strong>Transformer la peur dans le plaisir d\u2019\u00eatre ancr\u00e9:<\/strong> Apprenez \u00e0 absorber vos peurs de d\u00e9but d&rsquo;ann\u00e9e sur les traces du jaguar qui ne recule pas dans la nuit.<\/li>\n\n\n\n<li><strong>Ancrage Urbain :<\/strong> Pas besoin de partir loin pour se retrouver. La m\u00e9decine du Jaguar s&rsquo;incarne ici, dans votre r\u00e9alit\u00e9 quotidienne.<\/li>\n\n\n\n<li><strong>Le Clan :<\/strong> Un espace s\u00e9curisant (max 20 participants aux ateliers) pour \u00eatre soi-m\u00eame, sans masque, soutenu par l&rsquo;\u00e9nergie du groupe.<\/li>\n<\/ul>\n\n\n\n<div style=\"height:30px\" aria-hidden=\"true\" class=\"wp-block-spacer\"><\/div>\n\n\n\n<p>Ce week-end s&rsquo;adresse aux hommes et aux femmes adultes qui d\u00e9sirent s&rsquo;ancrer, lib\u00e9rer leur voix et manifester leur cr\u00e9ativit\u00e9 avec la force tranquille du Jaguar.<\/p>\n\n\n\n<p>L&rsquo;\u00e9v\u00e9nement du vendredi est l&rsquo;unique sp\u00e9cifiquement r\u00e9serv\u00e9 aux femmes.<\/p>\n\n\n\n<div style=\"height:30px\" aria-hidden=\"true\" class=\"wp-block-spacer\"><\/div>\n\n\n\n<p><strong>Pr\u00eat-e \u00e0 r\u00e9v\u00e9ler le jour apr\u00e8s avoir march\u00e9 dans l&rsquo;obscurit\u00e9 ?<\/strong><\/p>\n\n\n\n<div style=\"height:30px\" aria-hidden=\"true\" class=\"wp-block-spacer\"><\/div>\n\n\n\n<h6 class=\"wp-block-heading\"><strong>Tarifs &amp; Inscriptions :<\/strong><\/h6>\n\n\n\n<div style=\"height:30px\" aria-hidden=\"true\" class=\"wp-block-spacer\"><\/div>\n\n\n\n<p><strong>Pass Week-end Jaguar (4 \u00e9v\u00e9nements) :<\/strong> <strong>180 \u20ac<\/strong><\/p>\n\n\n\n<div style=\"height:15px\" aria-hidden=\"true\" class=\"wp-block-spacer\"><\/div>\n\n\n\n<p><strong>Pass samedi, Temple Cr\u00e9atif + C\u00e9r\u00e9monie CACAO : 110 \u20ac<\/strong><\/p>\n\n\n\n<div style=\"height:30px\" aria-hidden=\"true\" class=\"wp-block-spacer\"><\/div>\n\n\n\n<p><strong>Choisissez le module qui vous appelle, ou plongez dans la totalit\u00e9 du Week-end pour une exp\u00e9rience immersive.<\/strong><\/p>\n\n\n\n<div style=\"height:30px\" aria-hidden=\"true\" class=\"wp-block-spacer\"><\/div>\n\n\n\n<h6 class=\"wp-block-heading has-text-align-left\"><strong><br>Je r\u00e9serve ma place pour 2026 en cliquant sur le bouton !!!!<\/strong><\/h6>\n\n\n\n<div style=\"height:80px\" aria-hidden=\"true\" class=\"wp-block-spacer\"><\/div>\n<\/div><\/div>\n\n\n\n<div class=\"wp-block-columns is-layout-flex wp-container-core-columns-is-layout-28f84493 wp-block-columns-is-layout-flex\">\n<div class=\"wp-block-column is-layout-flow wp-block-column-is-layout-flow\"><p><script async\n  src=\"https:\/\/js.stripe.com\/v3\/buy-button.js\">\n<\/script><\/p>\n<p><stripe-buy-button\n  buy-button-id=\"buy_btn_1SfnlhG4HmNc0HTp0c7em01a\"\n  publishable-key=\"pk_live_51Q8htCG4HmNc0HTpUHGnvynRZRIeMkCVhsVspuuidv5FwpZvoF0LO42YfaMyBUc1DMNfCRs0Kg6pW1Ji1P61Pwrz00k4UQ1Awt\"\n><br \/>\n<\/stripe-buy-button><\/p>\n<\/div>\n\n\n\n<div class=\"wp-block-column is-layout-flow wp-block-column-is-layout-flow\"><p><script async\n  src=\"https:\/\/js.stripe.com\/v3\/buy-button.js\">\n<\/script><\/p>\n<p><stripe-buy-button\n  buy-button-id=\"buy_btn_1SfoN1G4HmNc0HTpUvoy6nhZ\"\n  publishable-key=\"pk_live_51Q8htCG4HmNc0HTpUHGnvynRZRIeMkCVhsVspuuidv5FwpZvoF0LO42YfaMyBUc1DMNfCRs0Kg6pW1Ji1P61Pwrz00k4UQ1Awt\"\n><br \/>\n<\/stripe-buy-button><\/p>\n<\/div>\n\n\n\n<div class=\"wp-block-column is-layout-flow wp-block-column-is-layout-flow\"><p><script async\n  src=\"https:\/\/js.stripe.com\/v3\/buy-button.js\">\n<\/script><\/p>\n<p><stripe-buy-button\n  buy-button-id=\"buy_btn_1SfnyxG4HmNc0HTp37X9qDzz\"\n  publishable-key=\"pk_live_51Q8htCG4HmNc0HTpUHGnvynRZRIeMkCVhsVspuuidv5FwpZvoF0LO42YfaMyBUc1DMNfCRs0Kg6pW1Ji1P61Pwrz00k4UQ1Awt\"\n><br \/>\n<\/stripe-buy-button><\/p>\n<\/div>\n<\/div>\n\n\n\n<div class=\"wp-block-columns is-layout-flex wp-container-core-columns-is-layout-28f84493 wp-block-columns-is-layout-flex\">\n<div class=\"wp-block-column is-layout-flow wp-block-column-is-layout-flow\"><\/div>\n\n\n\n<div class=\"wp-block-column is-layout-flow wp-block-column-is-layout-flow\"><\/div>\n<\/div>\n\n\n\n<div style=\"height:60px\" aria-hidden=\"true\" class=\"wp-block-spacer\"><\/div>\n\n\n\n<h6 class=\"wp-block-heading has-text-align-center\"><strong>Nous vous attendons pour c\u00e9l\u00e9brer ensemble.<\/strong><\/h6>\n\n\n\n<p class=\"has-text-align-center\">Natalia Flor Magliano &amp; equipe<\/p>\n\n\n\n<div class=\"wp-block-group is-nowrap is-layout-flex wp-container-core-group-is-layout-6c531013 wp-block-group-is-layout-flex\">\n<div style=\"height:30px;width:0px\" aria-hidden=\"true\" class=\"wp-block-spacer wp-container-content-cf2db169\"><\/div>\n<\/div>\n\n\n\n<div style=\"height:30px\" aria-hidden=\"true\" class=\"wp-block-spacer\"><\/div>\n\n\n\n<div style=\"height:30px\" aria-hidden=\"true\" class=\"wp-block-spacer\"><\/div>\n\n\n\n<div class=\"wp-block-columns is-layout-flex wp-container-core-columns-is-layout-28f84493 wp-block-columns-is-layout-flex\">\n<div class=\"wp-block-column is-layout-flow wp-block-column-is-layout-flow\"><\/div>\n\n\n\n<div class=\"wp-block-column is-layout-flow wp-block-column-is-layout-flow\"><\/div>\n\n\n\n<div class=\"wp-block-column is-layout-flow wp-block-column-is-layout-flow\"><\/div>\n<\/div>\n","protected":false},"excerpt":{"rendered":"<p>Voix, Corps et Cr\u00e9ativit\u00e9 Les 9, 10 &amp; 11 janvier 2026 Du vendredi soir au dimanche apr\u00e8s-midi WEEK-END JAGUAR Immersion Urbaine, Corps, Voix &amp; Cr\u00e9ativit\u00e9 Du 9 au 11 Janvier 2026 Incarnez votre rugissement pour 2026 ! Dans le tumulte de la ville, il existe un espace de silence et de force qui ne demande qu&rsquo;\u00e0 \u00eatre r\u00e9veill\u00e9. Nous vous invitons au Week-end Jaguar, une exp\u00e9rience immersive con\u00e7ue comme un voyage au c\u0153ur de votre propre \u00ab\u00a0for\u00eat int\u00e9rieure\u00a0\u00bb. Alors que l&rsquo;ann\u00e9e 2026 s&rsquo;ouvre \u00e0 peine, le deuxi\u00e8me week-end de l&rsquo;ann\u00e9e est le moment de quitter l&rsquo;agitation des f\u00eates pour plonger dans votre for\u00eat int\u00e9rieure et d\u00e9finir comment vous allez occuper votre territoire cette ann\u00e9e. Le Jaguar nous appelle \u00e0 ne pas simplement \u00ab\u00a0avancer\u00a0\u00bb, mais \u00e0 marcher avec une autorit\u00e9 naturelle et une vision claire, m\u00eame dans l&rsquo;inconnu. L\u2019Esprit du Jaguar \u00ab Ma\u00eetre du silence et de la force tranquille, le Jaguar nous enseigne \u00e0 marcher avec souverainet\u00e9 pour ancrer notre sensualit\u00e9, lib\u00e9rer notre cr\u00e9ativit\u00e9 f\u00e9roce, et faire surgir le rugissement de notre v\u00e9rit\u00e9 m\u00eame au c\u0153ur de l\u2019obscurit\u00e9. \u00bb Une Immersion, cinq Portes d&rsquo;Entr\u00e9e Le Miroir : La rencontre avec l&rsquo;autre pour se voir, se reconna\u00eetre et se sentir libre, ensemble. Le Rythme : Le battement des tambours pour synchroniser votre vos pieds \u00e0 la terre. La Voix : Lib\u00e9ration vocale et chants-m\u00e9decine pour faire vibrer ce qui sommeille au plus profond de vous. Le Corps : La danse et le mouvement pour retrouver un ancrage sauvage, sensuelle et libre. La Cr\u00e9ativit\u00e9&nbsp;: Pour retrouver le propre tr\u00e9sor, le dialogue de l\u2019enfant avec le ciel, le cadeau de faire avec ses propres mots en tant que canal de votre propre \u00e9nergie. Plongez dans l&rsquo;obscurit\u00e9 pour y trouver votre lumi\u00e8re et incarner votre puissance cr\u00e9ative. Nous canaliserons l&rsquo;\u00e9nergie de l&rsquo;arch\u00e9type du Jaguar : le ma\u00eetre de la vision nocturne et du pouvoir silencieux. Pourquoi le Jaguar ? Dans de nombreuses traditions d&rsquo;Am\u00e9rique Latine, le Jaguar symbolise la capacit\u00e9 de voir dans l&rsquo;obscurit\u00e9, de se mouvoir sans bruit, Il nous apprend \u00e0 unir le silence et le rugissement pour manifester notre sensualit\u00e9 et notre v\u00e9rit\u00e9 et transformer les peurs en puissance. C&rsquo;est exactement l&rsquo;\u00e9nergie que nous allons incarner. Le Programme D\u00e9taill\u00e9 du Week-end Ce week-end est une invitation \u00e0 lib\u00e9rer votre expression la plus authentique \u00e0 travers le mouvement, le son et la rencontre. Vous pouvez choisir l&rsquo;Immersion Totale (Pass Complet) pour un processus de transformation profonde, ou rejoindre le cercle pour un Atelier Individuel : 1. LA DIOSA Jaguar (Cercle de Femmes) Rythme Tambour et Chants-M\u00e9decine Vendredi 9 Janvier | 18h30 \u2013 20h00 2. TEMPLE CR\u00c9ATIF : Cr\u00e9ation des Chants-M\u00e9decine Samedi 10 Janvier | 10h00 \u2013 17h00 3. C\u00e9r\u00e9monie Cacao des Racines : C\u00e9l\u00e9bration &amp; Danse Samedi 10 Janvier | 19h00 \u2013 22h00 4. La Voix M\u00e9decine : Lib\u00e9ration Voix et \u00c9motion Dimanche 11 Janvier | 10h00 \u2013 16h00 Places limit\u00e9es ! Ne manquez pas cette plong\u00e9e dans votre foret int\u00e9rieur. Nous vous attendons pour c\u00e9l\u00e9brer ensemble. Natalia Flor Magliano &amp; equipe<\/p>\n","protected":false},"author":2,"featured_media":0,"parent":0,"menu_order":0,"comment_status":"closed","ping_status":"closed","template":"","meta":{"footnotes":""},"class_list":["post-2144","page","type-page","status-publish","hentry"],"_links":{"self":[{"href":"https:\/\/voixducorps.com\/index.php?rest_route=\/wp\/v2\/pages\/2144","targetHints":{"allow":["GET"]}}],"collection":[{"href":"https:\/\/voixducorps.com\/index.php?rest_route=\/wp\/v2\/pages"}],"about":[{"href":"https:\/\/voixducorps.com\/index.php?rest_route=\/wp\/v2\/types\/page"}],"author":[{"embeddable":true,"href":"https:\/\/voixducorps.com\/index.php?rest_route=\/wp\/v2\/users\/2"}],"replies":[{"embeddable":true,"href":"https:\/\/voixducorps.com\/index.php?rest_route=%2Fwp%2Fv2%2Fcomments&post=2144"}],"version-history":[{"count":111,"href":"https:\/\/voixducorps.com\/index.php?rest_route=\/wp\/v2\/pages\/2144\/revisions"}],"predecessor-version":[{"id":2328,"href":"https:\/\/voixducorps.com\/index.php?rest_route=\/wp\/v2\/pages\/2144\/revisions\/2328"}],"wp:attachment":[{"href":"https:\/\/voixducorps.com\/index.php?rest_route=%2Fwp%2Fv2%2Fmedia&parent=2144"}],"curies":[{"name":"wp","href":"https:\/\/api.w.org\/{rel}","templated":true}]}}