{"id":3111,"date":"2026-09-01T01:25:43","date_gmt":"2026-08-31T23:25:43","guid":{"rendered":"https:\/\/voixducorps.com\/?page_id=3111"},"modified":"2026-09-01T01:25:43","modified_gmt":"2026-08-31T23:25:43","slug":"latelier-de-la-voix-medecine","status":"publish","type":"page","link":"https:\/\/voixducorps.com\/?page_id=3111","title":{"rendered":"L&rsquo;Atelier de La Voix M\u00e9decine"},"content":{"rendered":"\n<div style=\"height:60px\" aria-hidden=\"true\" class=\"wp-block-spacer\"><\/div>\n\n\n\n<h3 class=\"wp-block-heading has-text-align-center\">L&rsquo;<strong>Atelier de La Voix M\u00e9decine<\/strong><\/h3>\n\n\n\n<div style=\"height:30px\" aria-hidden=\"true\" class=\"wp-block-spacer\"><\/div>\n\n\n<div class=\"wp-block-image\">\n<figure class=\"aligncenter size-large is-resized\"><img data-dominant-color=\"402211\" data-has-transparency=\"false\" loading=\"lazy\" decoding=\"async\" width=\"1024\" height=\"576\" sizes=\"auto, (max-width: 1024px) 100vw, 1024px\" src=\"https:\/\/voixducorps.com\/wp-content\/uploads\/2026\/08\/1-1-1024x576.avif\" alt=\"l4atelier de La Voix M\u00e9decine\n\" class=\"wp-image-3127 not-transparent\" style=\"--dominant-color: #402211; width:670px;height:auto\" srcset=\"https:\/\/voixducorps.com\/wp-content\/uploads\/2026\/08\/1-1-1024x576.avif 1024w, https:\/\/voixducorps.com\/wp-content\/uploads\/2026\/08\/1-1-300x169.avif 300w, https:\/\/voixducorps.com\/wp-content\/uploads\/2026\/08\/1-1-768x432.avif 768w, https:\/\/voixducorps.com\/wp-content\/uploads\/2026\/08\/1-1-1536x864.avif 1536w, https:\/\/voixducorps.com\/wp-content\/uploads\/2026\/08\/1-1-1140x641.avif 1140w, https:\/\/voixducorps.com\/wp-content\/uploads\/2026\/08\/1-1.avif 1920w\" \/><\/figure>\n<\/div>\n\n\n<div style=\"height:30px\" aria-hidden=\"true\" class=\"wp-block-spacer\"><\/div>\n\n\n\n<p class=\"wp-block-paragraph\">Plus qu\u2019un simple atelier de chant, c\u2019est une v\u00e9ritable invitation \u00e0 se retrouver avec sa propre voix et \u00e0 en d\u00e9couvrir l\u2019effet gu\u00e9risseur, ancr\u00e9 dans une d\u00e9marche artistique, corporelle et holistique profonde.<\/p>\n\n\n\n<div style=\"height:30px\" aria-hidden=\"true\" class=\"wp-block-spacer\"><\/div>\n\n\n\n<h3 class=\"wp-block-heading\">Les effets b\u00e9n\u00e9fiques de la voix<\/h3>\n\n\n\n<div style=\"height:30px\" aria-hidden=\"true\" class=\"wp-block-spacer\"><\/div>\n\n\n\n<p class=\"wp-block-paragraph\">Les bienfaits de la voix sont aujourd&rsquo;hui de plus en plus \u00e9tudi\u00e9s et mis en valeur, le son comme mati\u00e8re pure avec des effets b\u00e9n\u00e9fiques sur la personne, la musicalit\u00e9 comme langage de l\u2019\u00e2me joyeuse qui s\u2019exprime. Le chant permet un r\u00e9\u00e9quilibre global et devient le fil d\u2019un dialogue intime avec soi-m\u00eame et avec les autres. Ce dialogue se manifeste tant\u00f4t par un chant visc\u00e9ral, tant\u00f4t par une douceur infinie, tant\u00f4t pour un chorale d\u2019\u00e9nergie contagieuse, reli\u00e9e au c\u0153ur de notre expression cr\u00e9ant une lib\u00e9ration profonde .<\/p>\n\n\n\n<div style=\"height:30px\" aria-hidden=\"true\" class=\"wp-block-spacer\"><\/div>\n\n\n\n<figure class=\"wp-block-image size-large is-resized\"><img data-dominant-color=\"36302a\" data-has-transparency=\"false\" loading=\"lazy\" decoding=\"async\" width=\"819\" height=\"1024\" sizes=\"auto, (max-width: 819px) 100vw, 819px\" src=\"https:\/\/voixducorps.com\/wp-content\/uploads\/2026\/08\/2-819x1024.avif\" alt=\"\" class=\"wp-image-3125 not-transparent\" style=\"--dominant-color: #36302a; aspect-ratio:0.7998086204265841;width:379px;height:auto\" srcset=\"https:\/\/voixducorps.com\/wp-content\/uploads\/2026\/08\/2-819x1024.avif 819w, https:\/\/voixducorps.com\/wp-content\/uploads\/2026\/08\/2-240x300.avif 240w, https:\/\/voixducorps.com\/wp-content\/uploads\/2026\/08\/2-768x960.avif 768w, https:\/\/voixducorps.com\/wp-content\/uploads\/2026\/08\/2.avif 1080w\" \/><\/figure>\n\n\n\n<div style=\"height:30px\" aria-hidden=\"true\" class=\"wp-block-spacer\"><\/div>\n\n\n\n<p class=\"wp-block-paragraph\"><strong>Format :<\/strong> S\u00e9ances bimensuelles de deux heures (sauf double s\u00e9ance le dimanche 13 d\u00e9cembre de 4h). Une pause est pr\u00e9vue en avril, suivie d&rsquo;une reprise plus rythm\u00e9e en mai orient\u00e9e vers la cr\u00e9ation.<\/p>\n\n\n\n<p class=\"wp-block-paragraph\">\u00ab <strong>La Voix M\u00e9decine<\/strong> \u00bb n\u2019est pas seulement un nom de marque, c&rsquo;est un concept unique de travail de la voix con\u00e7ue sur 20 ans de recherche en mati\u00e8re de corps et voix et la compr\u00e9hension de sa place fondamentale dans le bien-\u00eatre de la personne.<\/p>\n\n\n\n<div style=\"height:60px\" aria-hidden=\"true\" class=\"wp-block-spacer\"><\/div>\n\n\n\n<h3 class=\"wp-block-heading\">Un Espace Suspendu<\/h3>\n\n\n\n<p class=\"wp-block-paragraph\">Dans ces ateliers, les participants d\u00e9couvrent un espace suspendu pour se recharger d\u2019\u00e9nergie, stimuler leur expression corporelle et vocale, r\u00e9veiller leur cr\u00e9ativit\u00e9 et laisser s&rsquo;exprimer l&rsquo;enfant qui rit.<\/p>\n\n\n\n<div style=\"height:30px\" aria-hidden=\"true\" class=\"wp-block-spacer\"><\/div>\n\n\n\n<div class=\"wp-block-media-text is-stacked-on-mobile\" style=\"grid-template-columns:47% auto\"><figure class=\"wp-block-media-text__media\"><img data-dominant-color=\"423f3a\" data-has-transparency=\"false\" style=\"--dominant-color: #423f3a;\" loading=\"lazy\" decoding=\"async\" width=\"1024\" height=\"576\" src=\"https:\/\/voixducorps.com\/wp-content\/uploads\/2026\/08\/4-1-1024x576.avif\" alt=\"\" class=\"wp-image-3130 size-full not-transparent\" srcset=\"https:\/\/voixducorps.com\/wp-content\/uploads\/2026\/08\/4-1-1024x576.avif 1024w, https:\/\/voixducorps.com\/wp-content\/uploads\/2026\/08\/4-1-300x169.avif 300w, https:\/\/voixducorps.com\/wp-content\/uploads\/2026\/08\/4-1-768x432.avif 768w, https:\/\/voixducorps.com\/wp-content\/uploads\/2026\/08\/4-1-1536x864.avif 1536w, https:\/\/voixducorps.com\/wp-content\/uploads\/2026\/08\/4-1-1140x641.avif 1140w, https:\/\/voixducorps.com\/wp-content\/uploads\/2026\/08\/4-1.avif 1920w\" sizes=\"auto, (max-width: 1024px) 100vw, 1024px\" \/><\/figure><div class=\"wp-block-media-text__content\">\n<p class=\"wp-block-paragraph\"><\/p>\n<\/div><\/div>\n\n\n\n<div style=\"height:30px\" aria-hidden=\"true\" class=\"wp-block-spacer\"><\/div>\n\n\n\n<p class=\"wp-block-paragraph\">\u00c0 travers un r\u00e9pertoire de <strong>chants m\u00e9decine d\u2019Am\u00e9rique Latine<\/strong> porteurs d\u2019un langage universel qui touche au plus profond de l\u2019humain, l\u2019atelier propose une reconnexion \u00e0 notre humanit\u00e9, dans sa fragilit\u00e9 et sa force, gr\u00e2ce \u00e0 des voix unies en c\u00e9l\u00e9bration et musique.<\/p>\n\n\n\n<p class=\"wp-block-paragraph\"><strong>Au programme des s\u00e9ances :<\/strong><\/p>\n\n\n\n<ul class=\"wp-block-list\">\n<li>Technique vocale somatique<\/li>\n\n\n\n<li>Corps et mouvement<\/li>\n\n\n\n<li>Moments de chants improvis\u00e9s et inspir\u00e9s<\/li>\n\n\n\n<li>Pratique des percussions corporelles et d&rsquo;instruments mineurs (tambours, maracas)<\/li>\n\n\n\n<li>Exploration des chants du Monde, chants m\u00e9decine et chants d\u2019Am\u00e9rique Latine<\/li>\n\n\n\n<li>Des restitutions et\/ou moments de partage sont pr\u00e9vus.<\/li>\n<\/ul>\n\n\n\n<div style=\"height:30px\" aria-hidden=\"true\" class=\"wp-block-spacer\"><\/div>\n\n\n\n<h3 class=\"wp-block-heading\">Informations Pratiques &amp; Calendrier<\/h3>\n\n\n\n<div style=\"height:30px\" aria-hidden=\"true\" class=\"wp-block-spacer\"><\/div>\n\n\n\n<h6 class=\"wp-block-heading\"><strong>S\u00e9ance d\u2019essai<\/strong> :<\/h6>\n\n\n\n<h6 class=\"wp-block-heading\"><strong>L<\/strong>e <strong>13 septembre de 14h00 \u00e0 16h00<\/strong> (Tarif : 10 \u20ac).<\/h6>\n\n\n\n<p class=\"wp-block-paragraph\">L&rsquo;occasion de d\u00e9couvrir le projet, les modalit\u00e9s et d&rsquo;\u00e9changer directement avec Natalia. <em>(Pour celles et ceux ne pouvant y assister, un rendez-vous t\u00e9l\u00e9phonique est possible sur demande).<\/em><\/p>\n\n\n\n<p class=\"wp-block-paragraph\">La s\u00e9ance se tient dans une salle \u00e0 100 mts de la Place des Terreaux &#8211; 69001 &#8211; Lyon<\/p>\n\n\n\n<h6 class=\"wp-block-heading\"><em><strong>Prenez votre place en cliquant sur le bouton ci dessous&nbsp;:<\/strong><\/em><\/h6>\n\n\n\n<div style=\"height:30px\" aria-hidden=\"true\" class=\"wp-block-spacer\"><\/div>\n\n\n<p><script async\n  src=\"https:\/\/js.stripe.com\/v3\/buy-button.js\">\n<\/script><\/p>\n<p><stripe-buy-button\n  buy-button-id=\"buy_btn_1UAZRwG4HmNc0HTpMEWhJfuv\"\n  publishable-key=\"pk_live_51Q8htCG4HmNc0HTpUHGnvynRZRIeMkCVhsVspuuidv5FwpZvoF0LO42YfaMyBUc1DMNfCRs0Kg6pW1Ji1P61Pwrz00k4UQ1Awt\"\n><br \/>\n<\/stripe-buy-button><\/p>\n\n\n\n<div style=\"height:60px\" aria-hidden=\"true\" class=\"wp-block-spacer\"><\/div>\n\n\n\n<p class=\"wp-block-paragraph\"><strong>Une fois votre inscription soit confirm\u00e9e vous recevrez dans le mail renseign\u00e9 dans le bouton d&rsquo;achat les informations de la salle.<\/strong><\/p>\n\n\n\n<div style=\"height:30px\" aria-hidden=\"true\" class=\"wp-block-spacer\"><\/div>\n\n\n\n<h4 class=\"wp-block-heading\">Calendrier des S\u00e9ances 2026-2027 :<\/h4>\n\n\n\n<ul class=\"wp-block-list\">\n<li><strong>Septembre :<\/strong> 29\/09<\/li>\n\n\n\n<li><strong>Octobre :<\/strong> 13\/10, 27\/10<\/li>\n\n\n\n<li><strong>Novembre :<\/strong> 10\/11, 24\/11<\/li>\n\n\n\n<li><strong>D\u00e9cembre :<\/strong> 13\/12 <em>(S\u00e9ance double de 4h un dimanche)<\/em><\/li>\n\n\n\n<li><strong>Janvier :<\/strong> 12\/01, 26\/01<\/li>\n\n\n\n<li><strong>F\u00e9vrier :<\/strong> 09\/02, 23\/02<\/li>\n\n\n\n<li><strong>Mars :<\/strong> 09\/03, 23\/03 <strong>Pause de printemps<\/strong><\/li>\n\n\n\n<li><strong>Mai :<\/strong> 04\/05, 18\/05 <em>(+ R\u00e9sidence de cr\u00e9ation optionnelle du 15 au 17 mai, dur\u00e9e 20h)<\/em><\/li>\n\n\n\n<li><strong>Juin :<\/strong> 01\/06, 15\/06<\/li>\n<\/ul>\n\n\n\n<p class=\"wp-block-paragraph\"><em>\u00c0 noter : Plusieurs moments de production et de partage avec public sont pr\u00e9vus au cours de l&rsquo;ann\u00e9e (dates \u00e0 confirmer).<\/em><\/p>\n\n\n\n<div style=\"height:31px\" aria-hidden=\"true\" class=\"wp-block-spacer\"><\/div>\n\n\n\n<h4 class=\"wp-block-heading\">La Voix M\u00e9decine, une approche pluridisciplinaire unique<\/h4>\n\n\n\n<p class=\"wp-block-paragraph\">Port\u00e9e par <strong>Natalia Magliano<\/strong>, formatrice, chanteuse, auteur-compositrice avec un travail de recherche et p\u00e9dagogie autour de la voix, des chants traditionnelles et du corps depuis plus de vingt ans. Elle est doublement dipl\u00f4m\u00e9 comment professionnel de la voix (formatrice et professeur de chant et technique vocale), nourrie par les traditions ancestrales d\u2019Am\u00e9rique, les arts somatiques et la cr\u00e9ativit\u00e9, cette approche fusionne de multiples univers et il est sp\u00e9cialement marqu\u00e9e par un fort relation entre la voix et le corps.<br><\/p>\n\n\n\n<div style=\"height:30px\" aria-hidden=\"true\" class=\"wp-block-spacer\"><\/div>\n\n\n<div class=\"wp-block-image\">\n<figure class=\"aligncenter size-large is-resized\"><img data-dominant-color=\"393836\" data-has-transparency=\"false\" loading=\"lazy\" decoding=\"async\" width=\"1024\" height=\"576\" sizes=\"auto, (max-width: 1024px) 100vw, 1024px\" src=\"https:\/\/voixducorps.com\/wp-content\/uploads\/2026\/08\/3-1-1024x576.avif\" alt=\"\" class=\"wp-image-3126 not-transparent\" style=\"--dominant-color: #393836; width:540px;height:auto\" srcset=\"https:\/\/voixducorps.com\/wp-content\/uploads\/2026\/08\/3-1-1024x576.avif 1024w, https:\/\/voixducorps.com\/wp-content\/uploads\/2026\/08\/3-1-300x169.avif 300w, https:\/\/voixducorps.com\/wp-content\/uploads\/2026\/08\/3-1-768x432.avif 768w, https:\/\/voixducorps.com\/wp-content\/uploads\/2026\/08\/3-1-1536x864.avif 1536w, https:\/\/voixducorps.com\/wp-content\/uploads\/2026\/08\/3-1-1140x641.avif 1140w, https:\/\/voixducorps.com\/wp-content\/uploads\/2026\/08\/3-1.avif 1920w\" \/><\/figure>\n<\/div>\n\n\n<div style=\"height:30px\" aria-hidden=\"true\" class=\"wp-block-spacer\"><\/div>\n\n\n\n<h3 class=\"wp-block-heading\">Modalit\u00e9s d\u2019Inscription<\/h3>\n\n\n\n<p class=\"wp-block-paragraph\">Les inscriptions se font selon deux formules :<\/p>\n\n\n\n<ol class=\"wp-block-list\">\n<li><strong>Engagement Annuel : 450 \u20ac<\/strong>\n<ul class=\"wp-block-list\">\n<li><em>Facilit\u00e9 de paiement :<\/em> possible en 10 mensualit\u00e9s de 45 \u20ac. (entre septembre et juin)<\/li>\n<\/ul>\n<\/li>\n\n\n\n<li><strong>Tarif Trimestriel : 165 \u20ac<\/strong>\n<ul class=\"wp-block-list\">\n<li><em>Facilit\u00e9 de paiement :<\/em> possible en 3 mensualit\u00e9s de 55 \u20ac. <em>(Ce tarif s&rsquo;ajuste \u00e0 chaque trimestre et peut s&rsquo;\u00e9tablir \u00e0 45 \u20ac par mois pour les deuxi\u00e8me ou troisi\u00e8me trimestres si vous poursuivez l&rsquo;aventure, la diff\u00e9rence n&rsquo;\u00e9tant toutefois pas d\u00e9ductible sur les nouveaux trimestres).<\/em><\/li>\n<\/ul>\n<\/li>\n<\/ol>\n\n\n\n<ul class=\"wp-block-list\">\n<li><strong>R\u00e9sidence de cr\u00e9ation (Optionnelle, du 15 au 17 mai &#8211; 20h) :<\/strong> 150 \u20ac (maintenue avec un minimum de 6 participants, dans une salle \u00e0 Lyon).<\/li>\n\n\n\n<li><strong>Moyens de paiement accept\u00e9s :<\/strong> Esp\u00e8ces ou en ligne (pas de ch\u00e8que).<\/li>\n<\/ul>\n\n\n\n<div style=\"height:30px\" aria-hidden=\"true\" class=\"wp-block-spacer\"><\/div>\n\n\n\n<h3 class=\"wp-block-heading\">Contact et Inscriptions<\/h3>\n\n\n\n<p class=\"wp-block-paragraph\">Pour toute inscription ou demande de renseignement, merci de remplir le questionnaire de contact dans la page accueille dans ce site web, (en bas de page) en y renseignant vos coordonn\u00e9es, nom et t\u00e9l\u00e9phone, vous serez recontactez.<\/p>\n\n\n\n<p class=\"wp-block-paragraph\"><em><strong>Soyez les bienvenus \u00e0 l\u2019Atelier de La Voix M\u00e9decine.<\/strong><\/em><\/p>\n\n\n\n<p class=\"wp-block-paragraph\"><\/p>\n","protected":false},"excerpt":{"rendered":"<p>L&rsquo;Atelier de La Voix M\u00e9decine Plus qu\u2019un simple atelier de chant, c\u2019est une v\u00e9ritable invitation \u00e0 se retrouver avec sa propre voix et \u00e0 en d\u00e9couvrir l\u2019effet gu\u00e9risseur, ancr\u00e9 dans une d\u00e9marche artistique, corporelle et holistique profonde. Les effets b\u00e9n\u00e9fiques de la voix Les bienfaits de la voix sont aujourd&rsquo;hui de plus en plus \u00e9tudi\u00e9s et mis en valeur, le son comme mati\u00e8re pure avec des effets b\u00e9n\u00e9fiques sur la personne, la musicalit\u00e9 comme langage de l\u2019\u00e2me joyeuse qui s\u2019exprime. Le chant permet un r\u00e9\u00e9quilibre global et devient le fil d\u2019un dialogue intime avec soi-m\u00eame et avec les autres. Ce dialogue se manifeste tant\u00f4t par un chant visc\u00e9ral, tant\u00f4t par une douceur infinie, tant\u00f4t pour un chorale d\u2019\u00e9nergie contagieuse, reli\u00e9e au c\u0153ur de notre expression cr\u00e9ant une lib\u00e9ration profonde . Format : S\u00e9ances bimensuelles de deux heures (sauf double s\u00e9ance le dimanche 13 d\u00e9cembre de 4h). Une pause est pr\u00e9vue en avril, suivie d&rsquo;une reprise plus rythm\u00e9e en mai orient\u00e9e vers la cr\u00e9ation. \u00ab La Voix M\u00e9decine \u00bb n\u2019est pas seulement un nom de marque, c&rsquo;est un concept unique de travail de la voix con\u00e7ue sur 20 ans de recherche en mati\u00e8re de corps et voix et la compr\u00e9hension de sa place fondamentale dans le bien-\u00eatre de la personne. Un Espace Suspendu Dans ces ateliers, les participants d\u00e9couvrent un espace suspendu pour se recharger d\u2019\u00e9nergie, stimuler leur expression corporelle et vocale, r\u00e9veiller leur cr\u00e9ativit\u00e9 et laisser s&rsquo;exprimer l&rsquo;enfant qui rit. \u00c0 travers un r\u00e9pertoire de chants m\u00e9decine d\u2019Am\u00e9rique Latine porteurs d\u2019un langage universel qui touche au plus profond de l\u2019humain, l\u2019atelier propose une reconnexion \u00e0 notre humanit\u00e9, dans sa fragilit\u00e9 et sa force, gr\u00e2ce \u00e0 des voix unies en c\u00e9l\u00e9bration et musique. Au programme des s\u00e9ances : Informations Pratiques &amp; Calendrier S\u00e9ance d\u2019essai : Le 13 septembre de 14h00 \u00e0 16h00 (Tarif : 10 \u20ac). L&rsquo;occasion de d\u00e9couvrir le projet, les modalit\u00e9s et d&rsquo;\u00e9changer directement avec Natalia. (Pour celles et ceux ne pouvant y assister, un rendez-vous t\u00e9l\u00e9phonique est possible sur demande). La s\u00e9ance se tient dans une salle \u00e0 100 mts de la Place des Terreaux &#8211; 69001 &#8211; Lyon Prenez votre place en cliquant sur le bouton ci dessous&nbsp;: Une fois votre inscription soit confirm\u00e9e vous recevrez dans le mail renseign\u00e9 dans le bouton d&rsquo;achat les informations de la salle. Calendrier des S\u00e9ances 2026-2027 : \u00c0 noter : Plusieurs moments de production et de partage avec public sont pr\u00e9vus au cours de l&rsquo;ann\u00e9e (dates \u00e0 confirmer). La Voix M\u00e9decine, une approche pluridisciplinaire unique Port\u00e9e par Natalia Magliano, formatrice, chanteuse, auteur-compositrice avec un travail de recherche et p\u00e9dagogie autour de la voix, des chants traditionnelles et du corps depuis plus de vingt ans. Elle est doublement dipl\u00f4m\u00e9 comment professionnel de la voix (formatrice et professeur de chant et technique vocale), nourrie par les traditions ancestrales d\u2019Am\u00e9rique, les arts somatiques et la cr\u00e9ativit\u00e9, cette approche fusionne de multiples univers et il est sp\u00e9cialement marqu\u00e9e par un fort relation entre la voix et le corps. Modalit\u00e9s d\u2019Inscription Les inscriptions se font selon deux formules : Contact et Inscriptions Pour toute inscription ou demande de renseignement, merci de remplir le questionnaire de contact dans la page accueille dans ce site web, (en bas de page) en y renseignant vos coordonn\u00e9es, nom et t\u00e9l\u00e9phone, vous serez recontactez. Soyez les bienvenus \u00e0 l\u2019Atelier de La Voix M\u00e9decine.<\/p>\n","protected":false},"author":2,"featured_media":0,"parent":0,"menu_order":0,"comment_status":"closed","ping_status":"closed","template":"","meta":{"footnotes":""},"class_list":["post-3111","page","type-page","status-publish","hentry"],"_links":{"self":[{"href":"https:\/\/voixducorps.com\/index.php?rest_route=\/wp\/v2\/pages\/3111","targetHints":{"allow":["GET"]}}],"collection":[{"href":"https:\/\/voixducorps.com\/index.php?rest_route=\/wp\/v2\/pages"}],"about":[{"href":"https:\/\/voixducorps.com\/index.php?rest_route=\/wp\/v2\/types\/page"}],"author":[{"embeddable":true,"href":"https:\/\/voixducorps.com\/index.php?rest_route=\/wp\/v2\/users\/2"}],"replies":[{"embeddable":true,"href":"https:\/\/voixducorps.com\/index.php?rest_route=%2Fwp%2Fv2%2Fcomments&post=3111"}],"version-history":[{"count":17,"href":"https:\/\/voixducorps.com\/index.php?rest_route=\/wp\/v2\/pages\/3111\/revisions"}],"predecessor-version":[{"id":3147,"href":"https:\/\/voixducorps.com\/index.php?rest_route=\/wp\/v2\/pages\/3111\/revisions\/3147"}],"wp:attachment":[{"href":"https:\/\/voixducorps.com\/index.php?rest_route=%2Fwp%2Fv2%2Fmedia&parent=3111"}],"curies":[{"name":"wp","href":"https:\/\/api.w.org\/{rel}","templated":true}]}}